{"id":318,"date":"2026-04-30T13:05:36","date_gmt":"2026-04-30T11:05:36","guid":{"rendered":"https:\/\/abos.landestheater-linz.at\/?page_id=318"},"modified":"2026-04-30T14:45:26","modified_gmt":"2026-04-30T12:45:26","slug":"abos-2026-2027","status":"publish","type":"page","link":"https:\/\/abos.landestheater-linz.at\/","title":{"rendered":"Abos &#8211; 2026\/2027"},"content":{"rendered":"<section class=\"l-section wpb_row us_custom_b079b8a7 height_medium width_full with_img\"><div class=\"l-section-img\" role=\"img\" aria-label=\"Abos 2026\/2027\" data-img-width=\"1920\" data-img-height=\"720\" style=\"background-image: url(https:\/\/abos.landestheater-linz.at\/wp-content\/uploads\/2026\/04\/feenstaub.jpg);background-position: top center;background-repeat: no-repeat;\"><\/div><div class=\"l-section-h i-cf\"><div class=\"g-cols vc_row via_flex valign_top type_default stacking_default\"><div class=\"vc_col-sm-12 wpb_column vc_column_container\"><div class=\"vc_column-inner\"><div class=\"wpb_wrapper\"><\/div><\/div><\/div><\/div><\/div><\/section><section class=\"l-section wpb_row us_custom_9008e0c7 height_medium\" id=\"teaser\"><div class=\"l-section-h i-cf\"><div class=\"g-cols vc_row via_flex valign_top type_default stacking_default\"><div class=\"vc_col-sm-12 wpb_column vc_column_container\"><div class=\"vc_column-inner\"><div class=\"wpb_wrapper\"><div class=\"wpb_text_column\"><div class=\"wpb_wrapper\"><h4>Abos 2026\/2027<\/h4>\n<\/div><\/div><div class=\"w-separator size_small\"><\/div><div class=\"g-cols wpb_row via_flex valign_top type_default stacking_default\"><div class=\"vc_col-sm-12 vc_col-lg-4 vc_col-md-4 wpb_column vc_column_container\"><div class=\"vc_column-inner\"><div class=\"wpb_wrapper\"><div class=\"wpb_text_column teaser\"><div class=\"wpb_wrapper\"><h1>B\u00fchne frei.<br \/>\nAbowahl auch.<\/h1>\n<\/div><\/div><\/div><\/div><\/div><div class=\"vc_col-sm-12 vc_col-lg-8 vc_col-md-8 wpb_column vc_column_container\"><div class=\"vc_column-inner\"><div class=\"wpb_wrapper\"><div class=\"wpb_text_column\"><div class=\"wpb_wrapper\"><p>Freiheit besteht darin, w\u00e4hlen zu k\u00f6nnen. Nicht nur in der Wahlkabine, sondern auch im Theater. Bei uns haben Sie alle Freiheiten. Machen Sie eines unserer Abos zu Ihrem Abo, und wir halten Ihnen Ihren Platz frei. Falls Ihnen die Wahl schwer f\u00e4llt: Nehmen Sie doch einfach ein zweites oder drittes Abo dazu.<\/p>\n<\/div><\/div><\/div><\/div><\/div><\/div><\/div><\/div><\/div><\/div><\/div><\/section><section class=\"l-section wpb_row us_custom_7bd1a205 height_auto\" id=\"premieren-abos\"><div class=\"l-section-h i-cf\"><div class=\"g-cols vc_row via_flex valign_middle type_default stacking_default\"><div class=\"vc_col-sm-12 wpb_column vc_column_container\"><div class=\"vc_column-inner\"><div class=\"wpb_wrapper\"><div class=\"g-cols wpb_row us_custom_1ab7fc01 via_flex valign_middle type_default stacking_default\"><div class=\"vc_col-sm-12 wpb_column vc_column_container\"><div class=\"vc_column-inner\"><div class=\"wpb_wrapper\"><div class=\"wpb_text_column us_custom_8bbcbbb9 abo-title has_text_color hide_on_tablets hide_on_mobiles\"><div class=\"wpb_wrapper\"><h3>Premieren-Abos<\/h3>\n<\/div><\/div><\/div><\/div><\/div><\/div><\/div><\/div><\/div><\/div><\/div><\/section><section class=\"l-section wpb_row height_auto\"><div class=\"l-section-h i-cf\"><div class=\"g-cols vc_row via_flex valign_top type_default stacking_default\"><div class=\"vc_col-sm-12 vc_col-lg-9 vc_col-md-9 wpb_column vc_column_container\"><div class=\"vc_column-inner\"><div class=\"wpb_wrapper\"><div class=\"g-cols wpb_row us_custom_7ce54d84 via_flex valign_top type_default stacking_default\"><div class=\"vc_col-sm-12 wpb_column vc_column_container\"><div class=\"vc_column-inner\"><div class=\"wpb_wrapper\"><div class=\"wpb_text_column\"><div class=\"wpb_wrapper\"><h4>Premieren-Abos<\/h4>\n<\/div><\/div><div class=\"w-separator size_small\"><\/div><\/div><\/div><\/div><\/div><div class=\"g-cols wpb_row via_flex valign_top type_default stacking_default\"><div class=\"vc_col-sm-12 vc_col-lg-4 vc_col-md-4 wpb_column vc_column_container\"><div class=\"vc_column-inner\"><div class=\"wpb_wrapper\"><div class=\"wpb_text_column\"><div class=\"wpb_wrapper\"><h2>Premiumerlebnis Premiere<\/h2>\n<\/div><\/div><\/div><\/div><\/div><div class=\"vc_col-sm-12 vc_col-lg-8 vc_col-md-8 wpb_column vc_column_container\"><div class=\"vc_column-inner\"><div class=\"wpb_wrapper\"><div class=\"wpb_text_column\"><div class=\"wpb_wrapper\"><p>Eine Premiere ist ein Anfang, dem eine besondere Magie innewohnt. Lassen Sie sich zusammen mit all den anderen Theaterbegeisterten vom Lampenfieber des Ensembles, der Regie und der B\u00fchnencrew anstecken. Genie\u00dfen Sie die knisternde Spannung, die einer Premiere vorangeht. Das bunte Treiben im Haus davor und bei der Premierenfeier danach. Und das St\u00fcck sowieso.<\/p>\n<\/div><\/div><\/div><\/div><\/div><\/div><div class=\"w-separator size_small\"><\/div><div class=\"w-tabs style_default switch_click accordion has_scrolling remove_indents\" style=\"--sections-title-size:inherit\"><div class=\"w-tabs-sections titles-align_none icon_chevron cpos_right\"><div class=\"w-tabs-section\" id=\"bd71\"><button class=\"w-tabs-section-header\" aria-controls=\"content-bd71\" aria-expanded=\"false\"><h5 class=\"w-tabs-section-title\">Premieren-Abo Musiktheater<\/h5><div class=\"w-tabs-section-control\"><\/div><\/button><div  class=\"w-tabs-section-content\" id=\"content-bd71\"><div class=\"w-tabs-section-content-h i-cf\"><div class=\"wpb_text_column\"><div class=\"wpb_wrapper\"><p class=\"p1\"><strong><span class=\"s1\">Gro\u00dfer Saal Musiktheater<br \/>\n<\/span><span class=\"s2\">11 Premieren<\/span><\/strong><\/p>\n<\/div><\/div><div class=\"w-separator size_small\"><\/div><div class=\"wpb_text_column us_custom_921660bf stuecke\"><div class=\"wpb_wrapper\"><p><strong>Roald Dahl\u2019s Matilda \u2013 Das Musical<\/strong><br \/>\nMusical | Fr, 11.9.2026<\/p>\n<p><strong>Divine Matter<\/strong><br \/>\nTanz | Sa, 26.9.2026<\/p>\n<p><strong>Lohengrin<\/strong><br \/>\nOper | Sa, 10.10.2026, 17.00<\/p>\n<p><strong>Die Cs\u00e1rd\u00e1sf\u00fcrstin<\/strong><br \/>\nOperette | SA, 24.10.2026<\/p>\n<p><strong>Alanis Morissette\u00b4s Jagged Little Pill<\/strong><br \/>\nMusical | Sa, 14.11.2026<\/p>\n<p><strong>Luisa Miller<\/strong><br \/>\nOper | Sa, 5.12.2026<\/p>\n<p><strong>K\u00f6nigskinder<\/strong><br \/>\nOper | Sa, 23.1.2027, 19.00<\/p>\n<p><strong>Prometheus<\/strong><br \/>\nTanz | Sa, 13.2.2027<\/p>\n<p><strong>La Cenerentola<\/strong><br \/>\nOper | Sa, 13.3.2027<\/p>\n<p><strong>Rodgers &amp; Hammerstein&#8217;s Carousel<\/strong><br \/>\nMusical | So, 4.4.2027, 18.00<\/p>\n<p><strong>Der gute Mensch von Sezuan<\/strong><br \/>\nOper | Sa, 5.6.2027<\/p>\n<\/div><\/div><div class=\"w-separator size_small\"><\/div><div class=\"wpb_text_column us_custom_9ace654e stuecke\"><div class=\"wpb_wrapper\"><p>AB 165,00<\/p>\n<\/div><\/div><div class=\"w-btn-wrapper align_none\"><a class=\"w-btn us-btn-style_1\" target=\"_blank\" href=\"https:\/\/www.landestheater-linz.at\/abo-bestellung\/?aboid=94#\/\"><span class=\"w-btn-label\">Bestellen<\/span><\/a><\/div><\/div><\/div><\/div><div class=\"w-tabs-section\" id=\"i4f5\"><button class=\"w-tabs-section-header\" aria-controls=\"content-i4f5\" aria-expanded=\"false\"><h5 class=\"w-tabs-section-title\">Premieren-Abo BlackBox<\/h5><div class=\"w-tabs-section-control\"><\/div><\/button><div  class=\"w-tabs-section-content\" id=\"content-i4f5\"><div class=\"w-tabs-section-content-h i-cf\"><div class=\"wpb_text_column\"><div class=\"wpb_wrapper\"><p class=\"p1\"><strong><span class=\"s1\">BlackBox Musiktheater<br \/>\n<\/span><span class=\"s2\">4 Premieren<\/span><\/strong><\/p>\n<\/div><\/div><div class=\"w-separator size_small\"><\/div><div class=\"wpb_text_column us_custom_921660bf stuecke\"><div class=\"wpb_wrapper\"><p><strong>Agrippina<\/strong><br \/>\nOper | Sa, 28.11.2026<\/p>\n<p><strong>The Band\u2019s Visit<\/strong><br \/>\nMusical | Fr, 22.1.2027<\/p>\n<p><strong>Die B\u00fcrgschaft<\/strong><br \/>\nOper | So, 21.3.2027<\/p>\n<p><strong>Preistr\u00e4ger:innen Choreografie Hannover 2026<\/strong><br \/>\nTanz | So, 13.6.2027<\/p>\n<\/div><\/div><div class=\"w-separator size_small\"><\/div><div class=\"wpb_text_column us_custom_9ace654e stuecke\"><div class=\"wpb_wrapper\"><p>um 126,00<\/p>\n<\/div><\/div><div class=\"w-btn-wrapper align_none\"><a class=\"w-btn us-btn-style_1\" target=\"_blank\" href=\"https:\/\/www.landestheater-linz.at\/abo-bestellung\/?aboid=108#\/\"><span class=\"w-btn-label\">Bestellen<\/span><\/a><\/div><\/div><\/div><\/div><div class=\"w-tabs-section\" id=\"dbe1\"><button class=\"w-tabs-section-header\" aria-controls=\"content-dbe1\" aria-expanded=\"false\"><h5 class=\"w-tabs-section-title\">Premieren-Abo Schauspiel<\/h5><div class=\"w-tabs-section-control\"><\/div><\/button><div  class=\"w-tabs-section-content\" id=\"content-dbe1\"><div class=\"w-tabs-section-content-h i-cf\"><div class=\"wpb_text_column\"><div class=\"wpb_wrapper\"><p class=\"p1\"><strong>BlackBox Musiktheater, Schauspielhaus, Kammerspiele und Francisco Carolinum<\/strong><br \/>\n<strong>10 Premieren<\/strong><\/p>\n<\/div><\/div><div class=\"w-separator size_small\"><\/div><div class=\"wpb_text_column us_custom_921660bf stuecke\"><div class=\"wpb_wrapper\"><p><strong>Linzer Torte mit Schlag<\/strong><br \/>\nSa, 19.9.2026, 20.00 &gt; BB<\/p>\n<p><strong>Kunst<\/strong><br \/>\nS0, 2o.9.2026 &gt; Francisco Carolinum<\/p>\n<p><strong>Elisabeth II.<\/strong><br \/>\nSo, 11.10.2026 &gt; KS<\/p>\n<p><strong>Romeo und Julia<\/strong><br \/>\nSa, 17.10.2026 &gt; SH<\/p>\n<p><strong>Dieses St\u00fcck geht schief<\/strong><br \/>\nFr, 4.12.2026 &gt; SH<\/p>\n<p><strong>Marie-Antoinette \u2013 oder Kuchen f\u00fcr alle<\/strong><br \/>\nSa, 30.1.2027 &gt; KS<\/p>\n<p><strong>Der kaukasische Kreidekreis<\/strong><br \/>\nFr, 26.2.2027 &gt; SH<\/p>\n<p><strong>Schichtwechsel<\/strong><br \/>\nSa, 20.3.2027 &gt; KS<\/p>\n<p><strong>Der Meineidbauer<\/strong><br \/>\nSa, 24.4.2027 &gt; SH<\/p>\n<p><strong>Die Schutzbefohlenen \u2013 Was danach Geschah<\/strong><br \/>\nSa, 8.5.2027 &gt; KS<\/p>\n<\/div><\/div><div class=\"w-separator size_small\"><\/div><div class=\"wpb_text_column us_custom_9ace654e stuecke\"><div class=\"wpb_wrapper\"><p>AB 209,00<\/p>\n<\/div><\/div><div class=\"w-btn-wrapper align_none\"><a class=\"w-btn us-btn-style_1\" target=\"_blank\" href=\"https:\/\/www.landestheater-linz.at\/abo-bestellung\/?aboid=107#\/\"><span class=\"w-btn-label\">Bestellen<\/span><\/a><\/div><\/div><\/div><\/div><div class=\"w-tabs-section\" id=\"t1a0\"><button class=\"w-tabs-section-header\" aria-controls=\"content-t1a0\" aria-expanded=\"false\"><h5 class=\"w-tabs-section-title\">Premieren-Abo Schauspiel Extra<\/h5><div class=\"w-tabs-section-control\"><\/div><\/button><div  class=\"w-tabs-section-content\" id=\"content-t1a0\"><div class=\"w-tabs-section-content-h i-cf\"><div class=\"wpb_text_column\"><div class=\"wpb_wrapper\"><p class=\"p1\"><strong><span class=\"s1\">Studiob\u00fchne Promenade<br \/>\n<\/span><span class=\"s2\">3 Premieren<\/span><\/strong><\/p>\n<\/div><\/div><div class=\"w-separator size_small\"><\/div><div class=\"wpb_text_column us_custom_921660bf stuecke\"><div class=\"wpb_wrapper\"><p><strong>Wie kommt das Salz ins Meer<\/strong><br \/>\nSo, 6.12.2026<\/p>\n<p><strong>Blunzenfett \u2013 Ein hochprozentiger Abend<\/strong><br \/>\nSo, 31.1.2027<\/p>\n<p><strong>Die Reise nach Kallisto<\/strong><br \/>\nSa, 10.4.2027<\/p>\n<\/div><\/div><div class=\"w-separator size_small\"><\/div><div class=\"wpb_text_column us_custom_9ace654e stuecke\"><div class=\"wpb_wrapper\"><p>um 66,00<\/p>\n<\/div><\/div><div class=\"w-btn-wrapper align_none\"><a class=\"w-btn us-btn-style_1\" target=\"_blank\" href=\"https:\/\/www.landestheater-linz.at\/abo-bestellung\/?aboid=188#\/\"><span class=\"w-btn-label\">Bestellen<\/span><\/a><\/div><\/div><\/div><\/div><\/div><\/div><div class=\"w-separator size_small\"><\/div><div class=\"w-popup hide_on_default hide_on_laptops w-btn-wrapper align_left\"><button class=\"w-popup-trigger type_btn w-btn us-btn-style_2\" aria-label=\"[i] Legende\" type=\"button\"><span class=\"w-btn-label\">[i] Legende<\/span><\/button><div class=\"w-popup-overlay\" style=\"background:rgba(0,0,0,0.85);\"><\/div><div class=\"w-popup-wrap layout_fullscreen\" role=\"dialog\" aria-modal=\"true\" aria-label=\"Pop-up\" style=\"--title-color:var(--color-content-heading);--title-bg-color:var(--color-content-bg-alt);--content-color:var(--color-content-text);--content-bg-color:var(--color-content-bg);--popup-width:100%;--popup-padding:5%;\"><button aria-label=\"Schlie\u00dfen\" class=\"w-popup-closer\" type=\"button\"><\/button><div class=\"w-popup-box animation_fadeIn closerpos_outside without_title\"><div class=\"w-popup-box-h\"><div class=\"w-popup-box-content\"><section class=\"l-section wpb_row us_custom_6ed54be3 height_auto\"><div class=\"l-section-h i-cf\"><div class=\"g-cols vc_row via_flex valign_middle type_default stacking_default\"><div class=\"vc_col-sm-12 wpb_column vc_column_container\"><div class=\"vc_column-inner\"><div class=\"wpb_wrapper\"><div class=\"g-cols wpb_row via_flex valign_middle type_default stacking_default\"><div class=\"vc_col-sm-12 wpb_column vc_column_container\"><div class=\"vc_column-inner\"><div class=\"wpb_wrapper\"><div class=\"wpb_text_column\"><div class=\"wpb_wrapper\"><h4>Legende<\/h4>\n<\/div><\/div><div class=\"w-separator size_small\"><\/div><\/div><\/div><\/div><\/div><div class=\"wpb_text_column us_custom_1a37dc29\"><div class=\"wpb_wrapper\"><p><strong>BH<\/strong> &gt; Brucknerhaus<br \/>\n<strong>GS<\/strong> &gt; GROSSER SAAL MUSIKTHEATER<br \/>\n<strong>BB<\/strong> &gt; BLACKBOX MUSIKTHEATER<br \/>\n<strong>OS<\/strong> &gt; Orchestersaal MUSIKTHEATER<br \/>\n<strong>SH<\/strong> &gt; SCHAUSPIELHAUS<br \/>\n<strong>KS<\/strong> &gt; KAMMERSPIELE<br \/>\n<strong>SB<\/strong> &gt; Studiob\u00fchne<\/p>\n<\/div><\/div><\/div><\/div><\/div><\/div><\/div><\/section>\n<\/div><\/div><\/div><\/div><\/div><\/div><\/div><\/div><div class=\"vc_col-sm-3 wpb_column vc_column_container hide_on_tablets hide_on_mobiles\"><div class=\"vc_column-inner us_custom_a8c917e3 type_sticky\"><div class=\"wpb_wrapper\"><section class=\"l-section wpb_row us_custom_6ed54be3 height_auto\"><div class=\"l-section-h i-cf\"><div class=\"g-cols vc_row via_flex valign_middle type_default stacking_default\"><div class=\"vc_col-sm-12 wpb_column vc_column_container\"><div class=\"vc_column-inner\"><div class=\"wpb_wrapper\"><div class=\"g-cols wpb_row via_flex valign_middle type_default stacking_default\"><div class=\"vc_col-sm-12 wpb_column vc_column_container\"><div class=\"vc_column-inner\"><div class=\"wpb_wrapper\"><div class=\"wpb_text_column\"><div class=\"wpb_wrapper\"><h4>Legende<\/h4>\n<\/div><\/div><div class=\"w-separator size_small\"><\/div><\/div><\/div><\/div><\/div><div class=\"wpb_text_column us_custom_1a37dc29\"><div class=\"wpb_wrapper\"><p><strong>BH<\/strong> &gt; Brucknerhaus<br \/>\n<strong>GS<\/strong> &gt; GROSSER SAAL MUSIKTHEATER<br \/>\n<strong>BB<\/strong> &gt; BLACKBOX MUSIKTHEATER<br \/>\n<strong>OS<\/strong> &gt; Orchestersaal MUSIKTHEATER<br \/>\n<strong>SH<\/strong> &gt; SCHAUSPIELHAUS<br \/>\n<strong>KS<\/strong> &gt; KAMMERSPIELE<br \/>\n<strong>SB<\/strong> &gt; Studiob\u00fchne<\/p>\n<\/div><\/div><\/div><\/div><\/div><\/div><\/div><\/section>\n<\/div><\/div><\/div><\/div><\/div><\/section><section class=\"l-section wpb_row us_custom_58cb6fc8 height_auto\" id=\"glanzstuecke\"><div class=\"l-section-h i-cf\"><div class=\"g-cols vc_row via_flex valign_bottom type_default stacking_default\"><div class=\"vc_col-sm-12 wpb_column vc_column_container\"><div class=\"vc_column-inner\"><div class=\"wpb_wrapper\"><div class=\"g-cols wpb_row us_custom_1ab7fc01 via_flex valign_middle type_default stacking_default\"><div class=\"vc_col-sm-12 wpb_column vc_column_container\"><div class=\"vc_column-inner\"><div class=\"wpb_wrapper\"><div class=\"wpb_text_column us_custom_1728ea61 abo-title has_text_color hide_on_tablets hide_on_mobiles\"><div class=\"wpb_wrapper\"><h3>Glanzst\u00fccke<\/h3>\n<\/div><\/div><\/div><\/div><\/div><\/div><\/div><\/div><\/div><\/div><\/div><\/section><section class=\"l-section wpb_row height_auto\"><div class=\"l-section-h i-cf\"><div class=\"g-cols vc_row via_flex valign_top type_default stacking_default\"><div class=\"vc_col-sm-12 vc_col-lg-9 vc_col-md-9 wpb_column vc_column_container\"><div class=\"vc_column-inner\"><div class=\"wpb_wrapper\"><div class=\"g-cols wpb_row us_custom_7ce54d84 via_flex valign_top type_default stacking_default\"><div class=\"vc_col-sm-12 wpb_column vc_column_container\"><div class=\"vc_column-inner\"><div class=\"wpb_wrapper\"><div class=\"wpb_text_column\"><div class=\"wpb_wrapper\"><h4>Glanzst\u00fccke<\/h4>\n<\/div><\/div><div class=\"w-separator size_small\"><\/div><\/div><\/div><\/div><\/div><div class=\"g-cols wpb_row via_flex valign_top type_default stacking_default\"><div class=\"vc_col-sm-12 vc_col-lg-4 vc_col-md-4 wpb_column vc_column_container\"><div class=\"vc_column-inner\"><div class=\"wpb_wrapper\"><div class=\"wpb_text_column\"><div class=\"wpb_wrapper\"><h2>Strahlkraft als Elixier<\/h2>\n<\/div><\/div><\/div><\/div><\/div><div class=\"vc_col-sm-12 vc_col-lg-8 vc_col-md-8 wpb_column vc_column_container\"><div class=\"vc_column-inner\"><div class=\"wpb_wrapper\"><div class=\"wpb_text_column\"><div class=\"wpb_wrapper\"><p>Musik kann gl\u00e4nzen, nicht nur als goldene Schallplatte. Ihre Strahlkraft ist das Elixier des Bruckner Orchester Linz. Seine Musiker:innen verstehen es gl\u00e4nzend, sie in ihrer ganzen Vielfalt erstrahlen zu lassen. Quer durch fast alle Genres und Musikepochen. Auf der B\u00fchne oder im Orchestergraben davor. Lassen Sie sich bezaubern!<\/p>\n<\/div><\/div><\/div><\/div><\/div><\/div><div class=\"w-separator size_small\"><\/div><div class=\"w-tabs style_default switch_click accordion has_scrolling remove_indents\" style=\"--sections-title-size:inherit\"><div class=\"w-tabs-sections titles-align_none icon_chevron cpos_right\"><div class=\"w-tabs-section\" id=\"b381\"><button class=\"w-tabs-section-header\" aria-controls=\"content-b381\" aria-expanded=\"false\"><h5 class=\"w-tabs-section-title\">Abo 3&#215;3<\/h5><div class=\"w-tabs-section-control\"><\/div><\/button><div  class=\"w-tabs-section-content\" id=\"content-b381\"><div class=\"w-tabs-section-content-h i-cf\"><div class=\"wpb_text_column\"><div class=\"wpb_wrapper\"><p class=\"p1\"><strong>Grosser Saal Musiktheater, BlackBox Musiktheater, Schauspielhaus und Brucknerhaus<\/strong><br \/>\n<strong>3x Musiktheater, 3x Schauspielhaus, 3x Konzert<\/strong><\/p>\n<\/div><\/div><div class=\"w-separator size_small\"><\/div><div class=\"wpb_text_column us_custom_921660bf stuecke\"><div class=\"wpb_wrapper\"><p><strong>Linzer Torte mit Schlag<\/strong><br \/>\nSchauspiel | Di, 29.9.2026, 20.00 &gt; BB<\/p>\n<p><strong>Die Cs\u00e1rd\u00e1sf\u00fcrstin<\/strong><br \/>\noperette | Mi, 28.10.2026 &gt; GS<\/p>\n<p><strong>#ZWEI: ALONDRA<\/strong><br \/>\nKonzert | SA, 28.11.2026 &gt; BH<\/p>\n<p><strong>Roald Dahl\u2019s Matilda \u2013 Das Musical<\/strong><br \/>\nMusical | Mi, 30.12.2026 &gt; GS<\/p>\n<p><strong>Dieses St\u00fcck geht schief<\/strong><br \/>\nSchauspiel | So, 24.1.2027, 17.00 &gt; SH<\/p>\n<p><strong>#DREI: MAHLER 10<\/strong><br \/>\nKonzert | FR, 5.3.2027 &gt; BH<\/p>\n<p><strong>Romeo und Julia<\/strong><br \/>\nSchauspiel | Mi, 7.4.2027 &gt; SH<\/p>\n<p><strong>K\u00f6nigskinder<\/strong><br \/>\nOper | Fr, 7.5.2027, 19.00 &gt; GS<\/p>\n<p><strong>#F\u00dcNF: FINALE<\/strong><br \/>\nKonzert | Fr, 25.6.2027 &gt; BH<\/p>\n<\/div><\/div><div class=\"w-separator size_small\"><\/div><div class=\"wpb_text_column us_custom_9ace654e stuecke\"><div class=\"wpb_wrapper\"><p>AB 237,00<\/p>\n<\/div><\/div><div class=\"w-btn-wrapper align_none\"><a class=\"w-btn us-btn-style_1\" target=\"_blank\" href=\"https:\/\/www.landestheater-linz.at\/abo-bestellung\/?aboid=229#\/\"><span class=\"w-btn-label\">Bestellen<\/span><\/a><\/div><\/div><\/div><\/div><div class=\"w-tabs-section\" id=\"j8f8\"><button class=\"w-tabs-section-header\" aria-controls=\"content-j8f8\" aria-expanded=\"false\"><h5 class=\"w-tabs-section-title\">Abo 4+4<\/h5><div class=\"w-tabs-section-control\"><\/div><\/button><div  class=\"w-tabs-section-content\" id=\"content-j8f8\"><div class=\"w-tabs-section-content-h i-cf\"><div class=\"wpb_text_column\"><div class=\"wpb_wrapper\"><p class=\"p1\"><strong>Gro\u00dfer Saal Musiktheater und <\/strong><strong>Brucknerhaus<\/strong><br \/>\n<strong>4x Musiktheater plus 4x Konzert<\/strong><\/p>\n<\/div><\/div><div class=\"w-separator size_small\"><\/div><div class=\"wpb_text_column us_custom_921660bf stuecke\"><div class=\"wpb_wrapper\"><p><strong>Roald Dahl\u2019s Matilda \u2013 Das Musical<\/strong><br \/>\nMusical | So, 25.10.2026, 17.00 &gt; GS<\/p>\n<p><strong>#ZWEI: ALONDRA<\/strong><br \/>\nKonzert | SA, 28.11.2026 &gt; BH<\/p>\n<p><strong>Divine Matter<\/strong><br \/>\nTanz | Fr, 8.1.2027 &gt; GS<\/p>\n<p><strong>Die Cs\u00e1rd\u00e1sf\u00fcrstin<\/strong><br \/>\nOperette | Mo, 8.2.2027 &gt; GS<\/p>\n<p><strong>#DREI: MAHLER 10<\/strong><br \/>\nKonzert | Fr, 5.3.2027 &gt; BH<\/p>\n<p><strong>#VIER: EROICA<\/strong><br \/>\nKonzert | SA, 24.4.2027 &gt; BH<\/p>\n<p><strong>K\u00f6nigskinder<\/strong><br \/>\nOper | So, 23.5.2027, 19.00 &gt; GS<\/p>\n<p><strong>#F\u00dcNF: FINALE<\/strong><br \/>\nKonzert | Fr, 25.6.2027 &gt; BH<\/p>\n<\/div><\/div><div class=\"w-separator size_small\"><\/div><div class=\"wpb_text_column us_custom_9ace654e stuecke\"><div class=\"wpb_wrapper\"><p>ab 236,00<\/p>\n<\/div><\/div><div class=\"w-btn-wrapper align_none\"><a class=\"w-btn us-btn-style_1\" target=\"_blank\" href=\"https:\/\/www.landestheater-linz.at\/abo-bestellung\/?aboid=228#\/\"><span class=\"w-btn-label\">Bestellen<\/span><\/a><\/div><\/div><\/div><\/div><div class=\"w-tabs-section\" id=\"pebe\"><button class=\"w-tabs-section-header\" aria-controls=\"content-pebe\" aria-expanded=\"false\"><h5 class=\"w-tabs-section-title\">Abo 3+3<\/h5><div class=\"w-tabs-section-control\"><\/div><\/button><div  class=\"w-tabs-section-content\" id=\"content-pebe\"><div class=\"w-tabs-section-content-h i-cf\"><div class=\"wpb_text_column\"><div class=\"wpb_wrapper\"><p class=\"p1\"><strong>Gro\u00dfer Saal Musiktheater und Brucknerhaus <\/strong><br \/>\n<strong>3x Musiktheater plus 3x Konzert<\/strong><\/p>\n<\/div><\/div><div class=\"w-separator size_small\"><\/div><div class=\"wpb_text_column us_custom_921660bf stuecke\"><div class=\"wpb_wrapper\"><p><strong>#EINS: RHAPSODY IN BLUE<\/strong><br \/>\nKonzert | FR, 30.10.2026 &gt; BH<\/p>\n<p><strong>Don Pasquale<\/strong><br \/>\nOper | Do, 19.11.2026 &gt; GS<\/p>\n<p><strong>Lohengrin<\/strong><br \/>\nOper | Mo, 25.1.2027, 18.00 &gt; GS<\/p>\n<p><strong>#DREI: MAHLER 10<\/strong><br \/>\nKonzert | FR, 5.3.2027 &gt; BH<\/p>\n<p><strong>Prometheus<\/strong><br \/>\nTanz | Fr, 23.4.2027 &gt; GS<\/p>\n<p><strong>#F\u00dcNF: FINALE<\/strong><br \/>\nKonzert | FR, 25.6.2027 &gt; BH<\/p>\n<\/div><\/div><div class=\"w-separator size_small\"><\/div><div class=\"wpb_text_column us_custom_9ace654e stuecke\"><div class=\"wpb_wrapper\"><p>AB 189,00<\/p>\n<\/div><\/div><div class=\"w-btn-wrapper align_none\"><a class=\"w-btn us-btn-style_1\" target=\"_blank\" href=\"https:\/\/www.landestheater-linz.at\/abo-bestellung\/?aboid=230#\/\"><span class=\"w-btn-label\">Bestellen<\/span><\/a><\/div><\/div><\/div><\/div><div class=\"w-tabs-section\" id=\"v6bb\"><button class=\"w-tabs-section-header\" aria-controls=\"content-v6bb\" aria-expanded=\"false\"><h5 class=\"w-tabs-section-title\">Das Konzert-Abo \u201ePur\u201c<\/h5><div class=\"w-tabs-section-control\"><\/div><\/button><div  class=\"w-tabs-section-content\" id=\"content-v6bb\"><div class=\"w-tabs-section-content-h i-cf\"><div class=\"wpb_text_column\"><div class=\"wpb_wrapper\"><p class=\"p1\"><strong>Brucknerhaus <\/strong><br \/>\n<strong>5 Konzerte des Bruckner Orchesters Linz<\/strong><\/p>\n<\/div><\/div><div class=\"w-separator size_small\"><\/div><div class=\"wpb_text_column us_custom_921660bf stuecke\"><div class=\"wpb_wrapper\"><p><strong>#EINS: RHAPSODY IN BLUE<\/strong><br \/>\nFr, 30.10.2026<\/p>\n<p><strong>#ZWEI: ALONDRA<\/strong><br \/>\nSa, 28.11.2026<\/p>\n<p><strong>#DREI: MAHLER 10<\/strong><br \/>\nFr, 5.3.2027<\/p>\n<p><strong>#VIER: EROICA<\/strong><br \/>\nSa, 24.4.2027<\/p>\n<p><strong>#F\u00dcNF: FINALE<\/strong><br \/>\nFr, 25.6.2027<\/p>\n<\/div><\/div><div class=\"w-separator size_small\"><\/div><div class=\"wpb_text_column us_custom_9ace654e stuecke\"><div class=\"wpb_wrapper\"><p>AB 225,00<\/p>\n<\/div><\/div><div class=\"w-btn-wrapper align_none\"><a class=\"w-btn us-btn-style_1\" target=\"_blank\" href=\"https:\/\/www.landestheater-linz.at\/abo-bestellung\/?aboid=245\/\"><span class=\"w-btn-label\">Bestellen<\/span><\/a><\/div><div class=\"w-separator size_small\"><\/div><div class=\"wpb_text_column stuecke\"><div class=\"wpb_wrapper\"><p>Diese f\u00fcnf Konzerte werden auch im <strong>Musikverein Wien<\/strong> aufgef\u00fchrt und im Abonnement angeboten.<br \/>\nAlle Infos finden Sie unter <a href=\"https:\/\/bruckner-orchester.at\/abo\/wien\" target=\"_blank\" rel=\"noopener\">bruckner-orchester.at\/abo\/wien<\/a>.<\/p>\n<\/div><\/div><\/div><\/div><\/div><\/div><\/div><div class=\"w-separator size_medium\"><\/div><div class=\"w-popup hide_on_default hide_on_laptops w-btn-wrapper align_left\"><button class=\"w-popup-trigger type_btn w-btn us-btn-style_2\" aria-label=\"[i] Legende\" type=\"button\"><span class=\"w-btn-label\">[i] Legende<\/span><\/button><div class=\"w-popup-overlay\" style=\"background:rgba(0,0,0,0.85);\"><\/div><div class=\"w-popup-wrap layout_fullscreen\" role=\"dialog\" aria-modal=\"true\" aria-label=\"Pop-up\" style=\"--title-color:var(--color-content-heading);--title-bg-color:var(--color-content-bg-alt);--content-color:var(--color-content-text);--content-bg-color:var(--color-content-bg);--popup-width:100%;--popup-padding:5%;\"><button aria-label=\"Schlie\u00dfen\" class=\"w-popup-closer\" type=\"button\"><\/button><div class=\"w-popup-box animation_fadeIn closerpos_outside without_title\"><div class=\"w-popup-box-h\"><div class=\"w-popup-box-content\"><section class=\"l-section wpb_row us_custom_6ed54be3 height_auto\"><div class=\"l-section-h i-cf\"><div class=\"g-cols vc_row via_flex valign_middle type_default stacking_default\"><div class=\"vc_col-sm-12 wpb_column vc_column_container\"><div class=\"vc_column-inner\"><div class=\"wpb_wrapper\"><div class=\"g-cols wpb_row via_flex valign_middle type_default stacking_default\"><div class=\"vc_col-sm-12 wpb_column vc_column_container\"><div class=\"vc_column-inner\"><div class=\"wpb_wrapper\"><div class=\"wpb_text_column\"><div class=\"wpb_wrapper\"><h4>Legende<\/h4>\n<\/div><\/div><div class=\"w-separator size_small\"><\/div><\/div><\/div><\/div><\/div><div class=\"wpb_text_column us_custom_1a37dc29\"><div class=\"wpb_wrapper\"><p><strong>BH<\/strong> &gt; Brucknerhaus<br \/>\n<strong>GS<\/strong> &gt; GROSSER SAAL MUSIKTHEATER<br \/>\n<strong>BB<\/strong> &gt; BLACKBOX MUSIKTHEATER<br \/>\n<strong>OS<\/strong> &gt; Orchestersaal MUSIKTHEATER<br \/>\n<strong>SH<\/strong> &gt; SCHAUSPIELHAUS<br \/>\n<strong>KS<\/strong> &gt; KAMMERSPIELE<br \/>\n<strong>SB<\/strong> &gt; Studiob\u00fchne<\/p>\n<\/div><\/div><\/div><\/div><\/div><\/div><\/div><\/section>\n<\/div><\/div><\/div><\/div><\/div><\/div><\/div><\/div><div class=\"vc_col-sm-3 wpb_column vc_column_container hide_on_tablets hide_on_mobiles\"><div class=\"vc_column-inner us_custom_a8c917e3 type_sticky\"><div class=\"wpb_wrapper\"><section class=\"l-section wpb_row us_custom_6ed54be3 height_auto\"><div class=\"l-section-h i-cf\"><div class=\"g-cols vc_row via_flex valign_middle type_default stacking_default\"><div class=\"vc_col-sm-12 wpb_column vc_column_container\"><div class=\"vc_column-inner\"><div class=\"wpb_wrapper\"><div class=\"g-cols wpb_row via_flex valign_middle type_default stacking_default\"><div class=\"vc_col-sm-12 wpb_column vc_column_container\"><div class=\"vc_column-inner\"><div class=\"wpb_wrapper\"><div class=\"wpb_text_column\"><div class=\"wpb_wrapper\"><h4>Legende<\/h4>\n<\/div><\/div><div class=\"w-separator size_small\"><\/div><\/div><\/div><\/div><\/div><div class=\"wpb_text_column us_custom_1a37dc29\"><div class=\"wpb_wrapper\"><p><strong>BH<\/strong> &gt; Brucknerhaus<br \/>\n<strong>GS<\/strong> &gt; GROSSER SAAL MUSIKTHEATER<br \/>\n<strong>BB<\/strong> &gt; BLACKBOX MUSIKTHEATER<br \/>\n<strong>OS<\/strong> &gt; Orchestersaal MUSIKTHEATER<br \/>\n<strong>SH<\/strong> &gt; SCHAUSPIELHAUS<br \/>\n<strong>KS<\/strong> &gt; KAMMERSPIELE<br \/>\n<strong>SB<\/strong> &gt; Studiob\u00fchne<\/p>\n<\/div><\/div><\/div><\/div><\/div><\/div><\/div><\/section>\n<\/div><\/div><\/div><\/div><\/div><\/section><section class=\"l-section wpb_row us_custom_8a188d5a height_auto\" id=\"greatvoices-abo\"><div class=\"l-section-h i-cf\"><div class=\"g-cols vc_row via_flex valign_bottom type_default stacking_default\"><div class=\"vc_col-sm-12 wpb_column vc_column_container\"><div class=\"vc_column-inner\"><div class=\"wpb_wrapper\"><div class=\"g-cols wpb_row us_custom_1ab7fc01 via_flex valign_middle type_default stacking_default\"><div class=\"vc_col-sm-12 wpb_column vc_column_container\"><div class=\"vc_column-inner\"><div class=\"wpb_wrapper\"><div class=\"wpb_text_column us_custom_80dd6a2e abo-title has_text_color hide_on_tablets hide_on_mobiles\"><div class=\"wpb_wrapper\"><h3>Great Voices-Abo<\/h3>\n<\/div><\/div><\/div><\/div><\/div><\/div><\/div><\/div><\/div><\/div><\/div><\/section><section class=\"l-section wpb_row height_auto\"><div class=\"l-section-h i-cf\"><div class=\"g-cols vc_row via_flex valign_top type_default stacking_default\"><div class=\"vc_col-sm-12 vc_col-lg-9 vc_col-md-9 wpb_column vc_column_container\"><div class=\"vc_column-inner\"><div class=\"wpb_wrapper\"><div class=\"g-cols wpb_row us_custom_7ce54d84 via_flex valign_top type_default stacking_default\" id=\"greatvoices-abo\"><div class=\"vc_col-sm-12 wpb_column vc_column_container\"><div class=\"vc_column-inner\"><div class=\"wpb_wrapper\"><div class=\"wpb_text_column\"><div class=\"wpb_wrapper\"><h4>Abos 2026\/2027<\/h4>\n<\/div><\/div><div class=\"w-separator size_small\"><\/div><\/div><\/div><\/div><\/div><div class=\"g-cols wpb_row via_flex valign_top type_default stacking_default\"><div class=\"vc_col-sm-12 vc_col-lg-4 vc_col-md-4 wpb_column vc_column_container\"><div class=\"vc_column-inner\"><div class=\"wpb_wrapper\"><div class=\"wpb_text_column\"><div class=\"wpb_wrapper\"><h2>Great Voices-Abo<\/h2>\n<\/div><\/div><\/div><\/div><\/div><div class=\"vc_col-sm-12 vc_col-lg-8 vc_col-md-8 wpb_column vc_column_container\"><div class=\"vc_column-inner\"><div class=\"wpb_wrapper\"><div class=\"wpb_text_column\"><div class=\"wpb_wrapper\"><p>Seit der Premiere der Reihe im Februar 2022 hat sich \u201eGreat Voices im Musiktheater\u201c zu einem der kulturellen Highlights Ober\u00f6sterreichs entwickelt. In der Saison 2026\/2027 gibt Startenor Jonas Kaufmann sein Deb\u00fct am Haus und er\u00f6ffnet mit einem intimen Liederabend \u2013 begleitet von Helmut Deutsch. Countertenor Franco Fagioli widmet sich gemeinsam mit dem Gabetta Consort der legend\u00e4ren S\u00e4ngerpers\u00f6nlichkeit Farinelli, dem ber\u00fchmtesten Kastratenstar des 18. Jahrhunderts. Sopranistin Asmik Grigorian \u00fcberrascht mit ihrem pers\u00f6nlichen Programm \u201eA Diva is Born\u201c, das Opernarien mit Songs von Lennon\/McCartney, Lady Gaga oder Sting verbindet. Ein festliches Galakonzert mit Rolando Villaz\u00f3n, Hanna-Elisabeth M\u00fcller, Patricia Nolz und dem Bruckner Orchester Linz feiert gro\u00dfe Opernkunst von Mozart bis Rossini. Den Abschluss bildet Regula M\u00fchlemann mit dem Kammerorchester Basel an einem Abend, in dem Belcanto zur lebendigen Erz\u00e4hlung wird.<\/p>\n<\/div><\/div><\/div><\/div><\/div><\/div><div class=\"w-separator size_small\"><\/div><div class=\"w-tabs style_default switch_click accordion has_scrolling remove_indents\" style=\"--sections-title-size:inherit\"><div class=\"w-tabs-sections titles-align_none icon_chevron cpos_right\"><div class=\"w-tabs-section\" id=\"h13b\"><button class=\"w-tabs-section-header\" aria-controls=\"content-h13b\" aria-expanded=\"false\"><h5 class=\"w-tabs-section-title\">Great Voices-Abo<\/h5><div class=\"w-tabs-section-control\"><\/div><\/button><div  class=\"w-tabs-section-content\" id=\"content-h13b\"><div class=\"w-tabs-section-content-h i-cf\"><div class=\"wpb_text_column\"><div class=\"wpb_wrapper\"><p class=\"p1\"><strong>Gro\u00dfer Saal Musiktheater<br \/>\n5 Konzerte | 5 Weltstars | 1 Abo<\/strong><\/p>\n<\/div><\/div><div class=\"w-separator size_small\"><\/div><div class=\"wpb_text_column us_custom_921660bf stuecke\"><div class=\"wpb_wrapper\"><p><strong>Jonas Kaufmann &amp; Helmut Deutsch<\/strong><br \/>\nLiederabend | 18. Oktober 2026<\/p>\n<p><strong>Franco Fagioli &amp; Gabetta Consort<\/strong><br \/>\nFarinelli | 8. Dezember 2026<\/p>\n<p><strong>Asmik Grigorian &amp; Hyung-ki Joo<\/strong><br \/>\nA Diva is born | 31. J\u00e4nner 2027<\/p>\n<p><strong>Rolando Villaz\u00f3n | Hannah-Elisabeth M\u00fcller | Patricia Nolz &amp; Bruckner Orchester Linz<\/strong><br \/>\nGalakonzert | 18. April 2027<\/p>\n<p><strong>Regula M\u00fchlemann &amp; Kammerorchester Basel<\/strong><br \/>\nBelcanto | 27. Mai 2027<\/p>\n<\/div><\/div><div class=\"w-separator size_small\"><\/div><div class=\"wpb_text_column us_custom_9ace654e stuecke\"><div class=\"wpb_wrapper\"><p>AB 276,00<\/p>\n<\/div><\/div><div class=\"w-btn-wrapper align_none\"><a class=\"w-btn us-btn-style_1\" target=\"_blank\" href=\"https:\/\/www.landestheater-linz.at\/abo-bestellung\/?aboid=233#\/\"><span class=\"w-btn-label\">Bestellen<\/span><\/a><\/div><div class=\"w-btn-wrapper align_none\"><a class=\"w-btn us-btn-style_1\" target=\"_blank\" href=\"https:\/\/tickets.landestheater-linz.at\/webshop\/webticket\/shop?serie=211&amp;season=26\"><span class=\"w-btn-label\">Direkt im Webshop bestellen<\/span><\/a><\/div><\/div><\/div><\/div><\/div><\/div><div class=\"w-separator size_medium\"><\/div><\/div><\/div><\/div><div class=\"vc_col-sm-3 wpb_column vc_column_container hide_on_tablets hide_on_mobiles\"><div class=\"vc_column-inner us_custom_a8c917e3 type_sticky\"><div class=\"wpb_wrapper\"><\/div><\/div><\/div><\/div><\/div><\/section><section class=\"l-section wpb_row us_custom_05603331 height_auto\" id=\"fixtag-abos\"><div class=\"l-section-h i-cf\"><div class=\"g-cols vc_row via_flex valign_bottom type_default stacking_default\"><div class=\"vc_col-sm-12 wpb_column vc_column_container\"><div class=\"vc_column-inner\"><div class=\"wpb_wrapper\"><div class=\"g-cols wpb_row us_custom_1ab7fc01 via_flex valign_middle type_default stacking_default\"><div class=\"vc_col-sm-12 wpb_column vc_column_container\"><div class=\"vc_column-inner\"><div class=\"wpb_wrapper\"><div class=\"wpb_text_column us_custom_1728ea61 abo-title has_text_color hide_on_tablets hide_on_mobiles\"><div class=\"wpb_wrapper\"><h3>Fixtag-Abos<\/h3>\n<\/div><\/div><\/div><\/div><\/div><\/div><\/div><\/div><\/div><\/div><\/div><\/section><section class=\"l-section wpb_row height_auto\"><div class=\"l-section-h i-cf\"><div class=\"g-cols vc_row via_flex valign_top type_default stacking_default\"><div class=\"vc_col-sm-12 vc_col-lg-9 vc_col-md-9 wpb_column vc_column_container\"><div class=\"vc_column-inner\"><div class=\"wpb_wrapper\"><div class=\"g-cols wpb_row us_custom_7ce54d84 via_flex valign_top type_default stacking_default\" id=\"fixtag-abos\"><div class=\"vc_col-sm-12 wpb_column vc_column_container\"><div class=\"vc_column-inner\"><div class=\"wpb_wrapper\"><div class=\"wpb_text_column\"><div class=\"wpb_wrapper\"><h4>Fixtag-Abos<\/h4>\n<\/div><\/div><div class=\"w-separator size_small\"><\/div><\/div><\/div><\/div><\/div><div class=\"g-cols wpb_row via_flex valign_top type_default stacking_default\"><div class=\"vc_col-sm-12 vc_col-lg-4 vc_col-md-4 wpb_column vc_column_container\"><div class=\"vc_column-inner\"><div class=\"wpb_wrapper\"><div class=\"wpb_text_column\"><div class=\"wpb_wrapper\"><h2>F\u00fcnftagewoche<\/h2>\n<\/div><\/div><\/div><\/div><\/div><div class=\"vc_col-sm-12 vc_col-lg-8 vc_col-md-8 wpb_column vc_column_container\"><div class=\"vc_column-inner\"><div class=\"wpb_wrapper\"><div class=\"wpb_text_column\"><div class=\"wpb_wrapper\"><p class=\"p1\">Die Einf\u00fchrung der F\u00fcnftagewoche zugunsten eines zus\u00e4tzlichen freien Tages seinerzeit geh\u00f6rt bis heute zu den gro\u00dfen sozialen Errungenschaften unserer Gesellschaft. Womit nicht gesagt ist, dass der Samstag oder der Sonntag f\u00fcr Sie zwangsl\u00e4ufig der beste Theatertag ist. Weshalb es von uns aus auch gerne der Montag, Dienstag oder Freitag f\u00fcr Ihr Fixtagabo sein darf. Ganz, wie es Ihnen beliebt!<\/p>\n<\/div><\/div><\/div><\/div><\/div><\/div><div class=\"w-separator size_small\"><\/div><div class=\"w-tabs style_default switch_click accordion has_scrolling remove_indents\" style=\"--sections-title-size:inherit\"><div class=\"w-tabs-sections titles-align_none icon_chevron cpos_right\"><div class=\"w-tabs-section\" id=\"rfe9\"><button class=\"w-tabs-section-header\" aria-controls=\"content-rfe9\" aria-expanded=\"false\"><h5 class=\"w-tabs-section-title\">Montag-Reihe<\/h5><div class=\"w-tabs-section-control\"><\/div><\/button><div  class=\"w-tabs-section-content\" id=\"content-rfe9\"><div class=\"w-tabs-section-content-h i-cf\"><div class=\"wpb_text_column\"><div class=\"wpb_wrapper\"><p class=\"p1\"><strong>Gro\u00dfer Saal Musiktheater <\/strong><br \/>\n<strong>8 Vorstellungen | Oper, Operette, Musical und Tanz<\/strong><\/p>\n<\/div><\/div><div class=\"w-separator size_small\"><\/div><div class=\"wpb_text_column us_custom_921660bf stuecke\"><div class=\"wpb_wrapper\"><p><strong>Don Pasquale<\/strong><br \/>\nOper | Mo, 28.9.2026<\/p>\n<p><strong>Lohengrin<\/strong><br \/>\nOper | Mo, 26.10.2026, 17.00<\/p>\n<p><strong>Die Cs\u00e1rd\u00e1sf\u00fcrstin<\/strong><br \/>\nOperette | Mo, 30.11.2026<\/p>\n<p><strong>Divine Matter<\/strong><br \/>\nTanz | Mo, 18.1.2027<\/p>\n<p><strong>Alanis Morissette\u00b4s Jagged Little Pill<\/strong><br \/>\nMusical | Mo, 22.2.2027<\/p>\n<p><strong>Luisa Miller<\/strong><br \/>\nOper | Mo, 5.4.2027<\/p>\n<p><strong>La Cenerentola<\/strong><br \/>\nOper | Mo, 10.5.2027<\/p>\n<p><strong>Rodgers &amp; Hammerstein&#8217;s Carousel<\/strong><br \/>\nMusical | Mo, 28.6.2027<\/p>\n<\/div><\/div><div class=\"w-separator size_small\"><\/div><div class=\"wpb_text_column us_custom_9ace654e stuecke\"><div class=\"wpb_wrapper\"><p>AB 119,00<\/p>\n<\/div><\/div><div class=\"w-btn-wrapper align_none\"><a class=\"w-btn us-btn-style_1\" target=\"_blank\" href=\"https:\/\/www.landestheater-linz.at\/abo-bestellung\/?aboid=109#\/\"><span class=\"w-btn-label\">Bestellen<\/span><\/a><\/div><\/div><\/div><\/div><div class=\"w-tabs-section\" id=\"u59b\"><button class=\"w-tabs-section-header\" aria-controls=\"content-u59b\" aria-expanded=\"false\"><h5 class=\"w-tabs-section-title\">Dienstag-Reihe<\/h5><div class=\"w-tabs-section-control\"><\/div><\/button><div  class=\"w-tabs-section-content\" id=\"content-u59b\"><div class=\"w-tabs-section-content-h i-cf\"><div class=\"wpb_text_column\"><div class=\"wpb_wrapper\"><p class=\"p1\"><strong>Grosser Saal Musiktheater, Blackbox Musiktheater, Schauspielhaus und Kammerspiele<\/strong><br \/>\n<strong>11 Vorstellungen | Oper, Musical, Tanz und Schauspiel<\/strong><\/p>\n<\/div><\/div><div class=\"w-separator size_small\"><\/div><div class=\"wpb_text_column us_custom_921660bf stuecke\"><div class=\"wpb_wrapper\"><p><strong>Roald Dahl\u2019s Matilda \u2013 Das Musical<\/strong><br \/>\nMusical | Di, 29.9.2026 &gt; GS<\/p>\n<p><strong>Linzer Torte mit Schlag<\/strong><br \/>\nSchauspiel | Di, 20.10. \/ 27.10.2026, 20.00 &gt; BB<\/p>\n<p><strong>Der Menschenfeind<\/strong><br \/>\nSchauspiel | DI, 17.11.2026 &gt; KS<\/p>\n<p><strong>Don Pasquale<\/strong><br \/>\nOper | Di, 22.12.2026 &gt; GS<\/p>\n<p><strong>Dieses St\u00fcck geht schief<\/strong><br \/>\nSchauspiel | Di, 12.1.2027 &gt; SH<\/p>\n<p><strong>Prometheus<\/strong><br \/>\nTanz | Di, 23.2.2027 &gt; GS<\/p>\n<p><strong>Romeo und Julia<\/strong><br \/>\nSchauspiel | Di, 16.3.2027 &gt; SH<\/p>\n<p><strong>Schichtwechsel<\/strong><br \/>\nSchauspiel | Di, 6.4.2027 &gt; KS<\/p>\n<p><strong>Der Meineidbauer<\/strong><br \/>\nSchauspiel | Di, 27.4.2027 &gt; SH<\/p>\n<p><strong>Rodgers &amp; Hammerstein&#8217;s Carousel<\/strong><br \/>\nMusical | Di, 1.6.2027 &gt; GS<\/p>\n<p><strong>Die Cs\u00e1rd\u00e1sf\u00fcrstin<\/strong><br \/>\nOperette | Di, 29.6.2027 &gt; GS<\/p>\n<\/div><\/div><div class=\"w-separator size_small\"><\/div><div class=\"wpb_text_column us_custom_9ace654e stuecke\"><div class=\"wpb_wrapper\"><p>ab 175,00<\/p>\n<\/div><\/div><div class=\"w-btn-wrapper align_none\"><a class=\"w-btn us-btn-style_1\" target=\"_blank\" href=\"https:\/\/www.landestheater-linz.at\/abo-bestellung\/?aboid=110#\/\"><span class=\"w-btn-label\">Bestellen<\/span><\/a><\/div><\/div><\/div><\/div><div class=\"w-tabs-section\" id=\"qae3\"><button class=\"w-tabs-section-header\" aria-controls=\"content-qae3\" aria-expanded=\"false\"><h5 class=\"w-tabs-section-title\">Dienstag-Reihe Extra<\/h5><div class=\"w-tabs-section-control\"><\/div><\/button><div  class=\"w-tabs-section-content\" id=\"content-qae3\"><div class=\"w-tabs-section-content-h i-cf\"><div class=\"wpb_text_column\"><div class=\"wpb_wrapper\"><p class=\"p1\"><strong>Kammerspiele<\/strong><br \/>\n<strong>3 zus\u00e4tzliche Vorstellungen | Schauspiel<\/strong><br \/>\n<strong>Nur in Kombination mit der Dienstag-Reihe erh\u00e4ltlich<\/strong><\/p>\n<\/div><\/div><div class=\"w-separator size_small\"><\/div><div class=\"wpb_text_column us_custom_921660bf stuecke\"><div class=\"wpb_wrapper\"><p><strong>Elisabeth II.<\/strong><br \/>\nDi, 1.12.2026 &gt; KS<\/p>\n<p><strong>Marie-Antoinette \u2013 oder Kuchen f\u00fcr alle<\/strong><br \/>\nDi, 2.2.2027 &gt; KS<\/p>\n<p><strong>Die Schutzbefohlenen \u2013 Was danach Geschah<\/strong><br \/>\nDi, 18.5.2027 &gt; KS<\/p>\n<\/div><\/div><div class=\"w-separator size_small\"><\/div><div class=\"wpb_text_column us_custom_9ace654e stuecke\"><div class=\"wpb_wrapper\"><p>ab 45,00<\/p>\n<\/div><\/div><div class=\"w-btn-wrapper align_none\"><a class=\"w-btn us-btn-style_1\" target=\"_blank\" href=\"https:\/\/www.landestheater-linz.at\/abo-bestellung\/?aboid=136#\/\"><span class=\"w-btn-label\">Bestellen<\/span><\/a><\/div><\/div><\/div><\/div><div class=\"w-tabs-section\" id=\"t031\"><button class=\"w-tabs-section-header\" aria-controls=\"content-t031\" aria-expanded=\"false\"><h5 class=\"w-tabs-section-title\">Freitag-Reihe 1<\/h5><div class=\"w-tabs-section-control\"><\/div><\/button><div  class=\"w-tabs-section-content\" id=\"content-t031\"><div class=\"w-tabs-section-content-h i-cf\"><div class=\"wpb_text_column\"><div class=\"wpb_wrapper\"><p class=\"p1\"><strong>BlackBox Musiktheater, Schauspielhaus und Kammerspiele<\/strong><br \/>\n<strong>8 Vorstellungen | Schauspiel<\/strong><\/p>\n<\/div><\/div><div class=\"w-separator size_small\"><\/div><div class=\"wpb_text_column us_custom_921660bf stuecke\"><div class=\"wpb_wrapper\"><p><strong>Linzer Torte mit Schlag<\/strong><br \/>\nFr, 9.10.2026, 20.00 &gt; BB<\/p>\n<p><strong>Romeo und Julia<\/strong><br \/>\nFr, 20.11.2026 &gt; SH<\/p>\n<p><strong>Elisabeth II.<\/strong><br \/>\nFr, 11.12.2026 &gt; KS<\/p>\n<p><strong>Dieses St\u00fcck geht schief<\/strong><br \/>\nFr, 8.1.2027 &gt; sh<\/p>\n<p><strong>Marie-Antoinette \u2013 oder Kuchen f\u00fcr alle<\/strong><br \/>\nFr, 19.2.2027 &gt; KS<\/p>\n<p><strong>Der kaukasische Kreidekreis<\/strong><br \/>\nFr, 19.3.2027 &gt; SH<\/p>\n<p><strong>Schichtwechsel<\/strong><br \/>\nFr, 16.4.2027 &gt; KS<\/p>\n<p><strong>Die Schutzbefohlenen \u2013 Was danach Geschah<\/strong><br \/>\nFr, 14.5.2027 &gt; KS<\/p>\n<\/div><\/div><div class=\"w-separator size_small\"><\/div><div class=\"wpb_text_column us_custom_9ace654e stuecke\"><div class=\"wpb_wrapper\"><p>AB 149,00<\/p>\n<\/div><\/div><div class=\"w-btn-wrapper align_none\"><a class=\"w-btn us-btn-style_1\" target=\"_blank\" href=\"https:\/\/www.landestheater-linz.at\/abo-bestellung\/?aboid=137#\/\"><span class=\"w-btn-label\">Bestellen<\/span><\/a><\/div><\/div><\/div><\/div><div class=\"w-tabs-section\" id=\"y593\"><button class=\"w-tabs-section-header\" aria-controls=\"content-y593\" aria-expanded=\"false\"><h5 class=\"w-tabs-section-title\">Freitag-Reihe 2<\/h5><div class=\"w-tabs-section-control\"><\/div><\/button><div  class=\"w-tabs-section-content\" id=\"content-y593\"><div class=\"w-tabs-section-content-h i-cf\"><div class=\"wpb_text_column\"><div class=\"wpb_wrapper\"><p class=\"p1\"><strong>BlackBox Musiktheater, Schauspielhaus und Kammerspiele<\/strong><br \/>\n<strong>8 Vorstellungen | Schauspiel<\/strong><\/p>\n<\/div><\/div><div class=\"w-separator size_small\"><\/div><div class=\"wpb_text_column us_custom_921660bf stuecke\"><div class=\"wpb_wrapper\"><p><strong>Linzer Torte mit Schlag<\/strong><br \/>\nFr, 2.10.2026, 20.00 &gt; BB<\/p>\n<p><strong>Elisabeth II.<\/strong><br \/>\nfr, 30.10.2026 &gt; KS<\/p>\n<p><strong>Romeo und Julia<\/strong><br \/>\nFr, 27.11.2026 &gt; SH<\/p>\n<p><strong>Dieses St\u00fcck geht schief<\/strong><br \/>\nFr, 18.12.2026 &gt; SH<\/p>\n<p><strong>Marie-Antoinette \u2013 oder Kuchen f\u00fcr alle<\/strong><br \/>\nFr, 5.2.2027 &gt; KS<\/p>\n<p><strong>Der kaukasische Kreidekreis<\/strong><br \/>\nFr, 5.3.2027 &gt; SH<\/p>\n<p><strong>Schichtwechsel<\/strong><br \/>\nFr, 2.4.2027 &gt; KS<\/p>\n<p><strong>Der Meineidbauer<\/strong><br \/>\nFr, 7.5.2027 &gt; SH<\/p>\n<\/div><\/div><div class=\"w-separator size_small\"><\/div><div class=\"wpb_text_column us_custom_9ace654e stuecke\"><div class=\"wpb_wrapper\"><p>AB 149,00<\/p>\n<\/div><\/div><div class=\"w-btn-wrapper align_none\"><a class=\"w-btn us-btn-style_1\" target=\"_blank\" href=\"https:\/\/www.landestheater-linz.at\/abo-bestellung\/?aboid=138#\/\"><span class=\"w-btn-label\">Bestellen<\/span><\/a><\/div><\/div><\/div><\/div><div class=\"w-tabs-section\" id=\"uad6\"><button class=\"w-tabs-section-header\" aria-controls=\"content-uad6\" aria-expanded=\"false\"><h5 class=\"w-tabs-section-title\">SAMSTAG-17 UHR-REIHE<\/h5><div class=\"w-tabs-section-control\"><\/div><\/button><div  class=\"w-tabs-section-content\" id=\"content-uad6\"><div class=\"w-tabs-section-content-h i-cf\"><div class=\"wpb_text_column\"><div class=\"wpb_wrapper\"><p class=\"p1\"><strong>Gro\u00dfer Saal Musiktheater, BlackBox Musiktheater<\/strong><br \/>\n<strong>Schauspielhaus und Kammerspiele<\/strong><br \/>\n<strong>6 Vorstellungen | Oper, Operette, Musical und Schauspiel<\/strong><\/p>\n<\/div><\/div><div class=\"w-separator size_small\"><\/div><div class=\"wpb_text_column us_custom_921660bf stuecke\"><div class=\"wpb_wrapper\"><p><strong>Linzer Torte mit Schlag<\/strong><br \/>\nSchauspiel | Sa, 3.10. \/ 24.10.2026 &gt; BB<\/p>\n<p><strong>Die Cs\u00e1rd\u00e1sf\u00fcrstin<\/strong><br \/>\nOperette | Sa, 19.12.2026 &gt; GS<\/p>\n<p><strong>Lohengrin<\/strong><br \/>\nOper | Sa, 20.2.2027 &gt; GS<\/p>\n<p><strong>Marie-Antoinette \u2013 oder Kuchen f\u00fcr alle<\/strong><br \/>\nSchauspiel | Sa, 10.4.2027 &gt; KS<\/p>\n<p><strong>Der Meineidbauer<\/strong><br \/>\nSchauspiel | Sa, 15.5.2027 &gt; SH<\/p>\n<p><strong>Rodgers &amp; Hammerstein&#8217;s Carousel<\/strong><br \/>\nMusical | SA, 3.7.2027 &gt; GS<\/p>\n<\/div><\/div><div class=\"w-separator size_small\"><\/div><div class=\"wpb_text_column us_custom_9ace654e stuecke\"><div class=\"wpb_wrapper\"><p>AB 108,00<\/p>\n<\/div><\/div><div class=\"w-btn-wrapper align_none\"><a class=\"w-btn us-btn-style_1\" target=\"_blank\" href=\"https:\/\/www.landestheater-linz.at\/abo-bestellung\/?aboid=140#\/\"><span class=\"w-btn-label\">Bestellen<\/span><\/a><\/div><\/div><\/div><\/div><div class=\"w-tabs-section\" id=\"r037\"><button class=\"w-tabs-section-header\" aria-controls=\"content-r037\" aria-expanded=\"false\"><h5 class=\"w-tabs-section-title\">SONNTAG-17 UHR-REIHE<\/h5><div class=\"w-tabs-section-control\"><\/div><\/button><div  class=\"w-tabs-section-content\" id=\"content-r037\"><div class=\"w-tabs-section-content-h i-cf\"><div class=\"wpb_text_column\"><div class=\"wpb_wrapper\"><p class=\"p1\"><strong>Gro\u00dfer Saal Musiktheater, BlackBox Musiktheater<\/strong><br \/>\n<strong>Schauspielhaus und Kammerspiele<\/strong><br \/>\n<strong>7 Vorstellungen | Oper, Operette, Musical und Schauspiel<\/strong><\/p>\n<\/div><\/div><div class=\"w-separator size_small\"><\/div><div class=\"wpb_text_column us_custom_921660bf stuecke\"><div class=\"wpb_wrapper\"><p><strong>Roald Dahl\u2019s Matilda \u2013 Das Musical<\/strong><br \/>\nMusical | So, 20.9.2026 &gt; GS<\/p>\n<p><strong>Linzer Torte mit Schlag<\/strong><br \/>\nSchauspiel | So, 8.11.2026 &gt; BB<\/p>\n<p><strong>Der Menschenfeind<\/strong><br \/>\nSchauspiel | So, 3.1.2027 &gt; KS<\/p>\n<p><strong>Dieses St\u00fcck geht schief<\/strong><br \/>\nSchauspiel | So, 28.2.2027 &gt; SH<\/p>\n<p><strong>Die Cs\u00e1rd\u00e1sf\u00fcrstin<\/strong><br \/>\nOperette | So, 11.4.2027 &gt; GS<\/p>\n<p><strong>Schichtwechsel<\/strong><br \/>\nSchauspiel | So, 30.5.2027 &gt; KS<\/p>\n<p><strong>K\u00f6nigskinder<\/strong><br \/>\nOper | So, 4.7.2027 &gt; GS<\/p>\n<\/div><\/div><div class=\"w-separator size_small\"><\/div><div class=\"wpb_text_column us_custom_9ace654e stuecke\"><div class=\"wpb_wrapper\"><p>AB 123,00<\/p>\n<\/div><\/div><div class=\"w-btn-wrapper align_none\"><a class=\"w-btn us-btn-style_1\" target=\"_blank\" href=\"https:\/\/www.landestheater-linz.at\/abo-bestellung\/?aboid=175#\/\"><span class=\"w-btn-label\">Bestellen<\/span><\/a><\/div><\/div><\/div><\/div><\/div><\/div><div class=\"w-separator size_medium\"><\/div><div class=\"w-popup hide_on_default hide_on_laptops w-btn-wrapper align_left\"><button class=\"w-popup-trigger type_btn w-btn us-btn-style_2\" aria-label=\"[i] Legende\" type=\"button\"><span class=\"w-btn-label\">[i] Legende<\/span><\/button><div class=\"w-popup-overlay\" style=\"background:rgba(0,0,0,0.85);\"><\/div><div class=\"w-popup-wrap layout_fullscreen\" role=\"dialog\" aria-modal=\"true\" aria-label=\"Pop-up\" style=\"--title-color:var(--color-content-heading);--title-bg-color:var(--color-content-bg-alt);--content-color:var(--color-content-text);--content-bg-color:var(--color-content-bg);--popup-width:100%;--popup-padding:5%;\"><button aria-label=\"Schlie\u00dfen\" class=\"w-popup-closer\" type=\"button\"><\/button><div class=\"w-popup-box animation_fadeIn closerpos_outside without_title\"><div class=\"w-popup-box-h\"><div class=\"w-popup-box-content\"><section class=\"l-section wpb_row us_custom_6ed54be3 height_auto\"><div class=\"l-section-h i-cf\"><div class=\"g-cols vc_row via_flex valign_middle type_default stacking_default\"><div class=\"vc_col-sm-12 wpb_column vc_column_container\"><div class=\"vc_column-inner\"><div class=\"wpb_wrapper\"><div class=\"g-cols wpb_row via_flex valign_middle type_default stacking_default\"><div class=\"vc_col-sm-12 wpb_column vc_column_container\"><div class=\"vc_column-inner\"><div class=\"wpb_wrapper\"><div class=\"wpb_text_column\"><div class=\"wpb_wrapper\"><h4>Legende<\/h4>\n<\/div><\/div><div class=\"w-separator size_small\"><\/div><\/div><\/div><\/div><\/div><div class=\"wpb_text_column us_custom_1a37dc29\"><div class=\"wpb_wrapper\"><p><strong>BH<\/strong> &gt; Brucknerhaus<br \/>\n<strong>GS<\/strong> &gt; GROSSER SAAL MUSIKTHEATER<br \/>\n<strong>BB<\/strong> &gt; BLACKBOX MUSIKTHEATER<br \/>\n<strong>OS<\/strong> &gt; Orchestersaal MUSIKTHEATER<br \/>\n<strong>SH<\/strong> &gt; SCHAUSPIELHAUS<br \/>\n<strong>KS<\/strong> &gt; KAMMERSPIELE<br \/>\n<strong>SB<\/strong> &gt; Studiob\u00fchne<\/p>\n<\/div><\/div><\/div><\/div><\/div><\/div><\/div><\/section>\n<\/div><\/div><\/div><\/div><\/div><\/div><\/div><\/div><div class=\"vc_col-sm-3 wpb_column vc_column_container hide_on_tablets hide_on_mobiles\"><div class=\"vc_column-inner us_custom_a8c917e3 type_sticky\"><div class=\"wpb_wrapper\"><section class=\"l-section wpb_row us_custom_6ed54be3 height_auto\"><div class=\"l-section-h i-cf\"><div class=\"g-cols vc_row via_flex valign_middle type_default stacking_default\"><div class=\"vc_col-sm-12 wpb_column vc_column_container\"><div class=\"vc_column-inner\"><div class=\"wpb_wrapper\"><div class=\"g-cols wpb_row via_flex valign_middle type_default stacking_default\"><div class=\"vc_col-sm-12 wpb_column vc_column_container\"><div class=\"vc_column-inner\"><div class=\"wpb_wrapper\"><div class=\"wpb_text_column\"><div class=\"wpb_wrapper\"><h4>Legende<\/h4>\n<\/div><\/div><div class=\"w-separator size_small\"><\/div><\/div><\/div><\/div><\/div><div class=\"wpb_text_column us_custom_1a37dc29\"><div class=\"wpb_wrapper\"><p><strong>BH<\/strong> &gt; Brucknerhaus<br \/>\n<strong>GS<\/strong> &gt; GROSSER SAAL MUSIKTHEATER<br \/>\n<strong>BB<\/strong> &gt; BLACKBOX MUSIKTHEATER<br \/>\n<strong>OS<\/strong> &gt; Orchestersaal MUSIKTHEATER<br \/>\n<strong>SH<\/strong> &gt; SCHAUSPIELHAUS<br \/>\n<strong>KS<\/strong> &gt; KAMMERSPIELE<br \/>\n<strong>SB<\/strong> &gt; Studiob\u00fchne<\/p>\n<\/div><\/div><\/div><\/div><\/div><\/div><\/div><\/section>\n<\/div><\/div><\/div><\/div><\/div><\/section><section class=\"l-section wpb_row us_custom_c875983d height_auto\" id=\"highlight-abos\"><div class=\"l-section-h i-cf\"><div class=\"g-cols vc_row via_flex valign_bottom type_default stacking_default\"><div class=\"vc_col-sm-12 wpb_column vc_column_container\"><div class=\"vc_column-inner\"><div class=\"wpb_wrapper\"><div class=\"g-cols wpb_row us_custom_1ab7fc01 via_flex valign_middle type_default stacking_default\"><div class=\"vc_col-sm-12 wpb_column vc_column_container\"><div class=\"vc_column-inner\"><div class=\"wpb_wrapper\"><div class=\"wpb_text_column us_custom_29745117 abo-title has_text_color hide_on_tablets hide_on_mobiles\"><div class=\"wpb_wrapper\"><h3>Highlight-Abos<\/h3>\n<\/div><\/div><\/div><\/div><\/div><\/div><\/div><\/div><\/div><\/div><\/div><\/section><section class=\"l-section wpb_row height_auto\" id=\"abos\"><div class=\"l-section-h i-cf\"><div class=\"g-cols vc_row via_flex valign_top type_default stacking_default\"><div class=\"vc_col-sm-12 vc_col-lg-9 vc_col-md-9 wpb_column vc_column_container\"><div class=\"vc_column-inner\"><div class=\"wpb_wrapper\"><div class=\"g-cols wpb_row us_custom_7ce54d84 via_flex valign_top type_default stacking_default\"><div class=\"vc_col-sm-12 wpb_column vc_column_container\"><div class=\"vc_column-inner\"><div class=\"wpb_wrapper\"><div class=\"wpb_text_column\"><div class=\"wpb_wrapper\"><h4>Highlight-Abos<\/h4>\n<\/div><\/div><div class=\"w-separator size_small\"><\/div><\/div><\/div><\/div><\/div><div class=\"g-cols wpb_row via_flex valign_top type_default stacking_default\"><div class=\"vc_col-sm-12 vc_col-lg-4 vc_col-md-4 wpb_column vc_column_container\"><div class=\"vc_column-inner\"><div class=\"wpb_wrapper\"><div class=\"wpb_text_column\"><div class=\"wpb_wrapper\"><h2>Ein Hoch der B\u00fchnenkunst!<\/h2>\n<\/div><\/div><\/div><\/div><\/div><div class=\"vc_col-sm-12 vc_col-lg-8 vc_col-md-8 wpb_column vc_column_container\"><div class=\"vc_column-inner\"><div class=\"wpb_wrapper\"><div class=\"wpb_text_column\"><div class=\"wpb_wrapper\"><p class=\"p1\">Machen Sie es wie der Dandyliterat Oscar Wilde und pflegen Sie einen einfachen Geschmack. Einfach insofern, als f\u00fcr Sie nur das Beste in Frage kommt. Wir bieten Ihnen ein halbes Dutzend oder mehr gro\u00dfer Musiktheater-Titel und Tanzst\u00fccke, gut auf die Saison verteilt. Berauschen Sie sich auf Ihrem pers\u00f6nlichen Stammplatz an den Highlights der B\u00fchnenkunst. Ein Hochgenuss!<\/p>\n<\/div><\/div><\/div><\/div><\/div><\/div><div class=\"w-separator size_small\"><\/div><div class=\"w-tabs style_default switch_click accordion has_scrolling remove_indents\" style=\"--sections-title-size:inherit\"><div class=\"w-tabs-sections titles-align_none icon_chevron cpos_right\"><div class=\"w-tabs-section\" id=\"oc1e\"><button class=\"w-tabs-section-header\" aria-controls=\"content-oc1e\" aria-expanded=\"false\"><h5 class=\"w-tabs-section-title\">VOLKSGARTEN-REIHE 1<\/h5><div class=\"w-tabs-section-control\"><\/div><\/button><div  class=\"w-tabs-section-content\" id=\"content-oc1e\"><div class=\"w-tabs-section-content-h i-cf\"><div class=\"wpb_text_column\"><div class=\"wpb_wrapper\"><p class=\"p1\"><strong>Gro\u00dfer Saal Musiktheater <\/strong><br \/>\n<strong>7 Vorstellungen | Oper, Operette, Musical und Tanz<\/strong><\/p>\n<\/div><\/div><div class=\"w-separator size_small\"><\/div><div class=\"wpb_text_column us_custom_921660bf stuecke\"><div class=\"wpb_wrapper\"><p><strong>Divine Matter<\/strong><br \/>\nTanz | Fr, 2.10.2026<\/p>\n<p><strong>Lohengrin<\/strong><br \/>\nOper | So, 8.11.2026, 17.00<\/p>\n<p><strong>Die Cs\u00e1rd\u00e1sf\u00fcrstin<\/strong><br \/>\nOperette | do, 7.1.2027<\/p>\n<p><strong>Alanis Morissette\u00b4s Jagged Little Pill<\/strong><br \/>\nMusical | Do, 25.2.2027<\/p>\n<p><strong>K\u00f6nigskinder<\/strong><br \/>\nOper | Sa, 10.4.2027, 19.00<\/p>\n<p><strong>La Cenerentola<\/strong><br \/>\nOper | Do, 20.5.2027<\/p>\n<p><strong>Rodgers &amp; Hammerstein&#8217;s Carousel<\/strong><br \/>\nMusical | Sa, 19.6.2027<\/p>\n<\/div><\/div><div class=\"w-separator size_small\"><\/div><div class=\"wpb_text_column us_custom_9ace654e stuecke\"><div class=\"wpb_wrapper\"><p>AB 111,00<\/p>\n<\/div><\/div><div class=\"w-btn-wrapper align_none\"><a class=\"w-btn us-btn-style_1\" target=\"_blank\" href=\"https:\/\/www.landestheater-linz.at\/abo-bestellung\/?aboid=178#\/\"><span class=\"w-btn-label\">Bestellen<\/span><\/a><\/div><\/div><\/div><\/div><div class=\"w-tabs-section\" id=\"t1be\"><button class=\"w-tabs-section-header\" aria-controls=\"content-t1be\" aria-expanded=\"false\"><h5 class=\"w-tabs-section-title\">VOLKSGARTEN-REIHE 2<\/h5><div class=\"w-tabs-section-control\"><\/div><\/button><div  class=\"w-tabs-section-content\" id=\"content-t1be\"><div class=\"w-tabs-section-content-h i-cf\"><div class=\"wpb_text_column\"><div class=\"wpb_wrapper\"><p class=\"p1\"><strong>Gro\u00dfer Saal Musiktheater<\/strong><br \/>\n<strong>7 Vorstellungen | Oper, Operette, Musical, Tanz<\/strong><\/p>\n<\/div><\/div><div class=\"w-separator size_small\"><\/div><div class=\"wpb_text_column us_custom_921660bf stuecke\"><div class=\"wpb_wrapper\"><p><strong>Roald Dahl\u2019s Matilda \u2013 Das Musical<\/strong><br \/>\nMusical | SA, 19.9.2026<\/p>\n<p><strong>Divine Matter<\/strong><br \/>\nTanz | Sa, 17.10.2026<\/p>\n<p><strong>Lohengrin<\/strong><br \/>\nOper | Do, 17.12.2026, 18.00<\/p>\n<p><strong>Alanis Morissette\u00b4s Jagged Little Pill<\/strong><br \/>\nMusical | DI, 9.2.2027<\/p>\n<p><strong>La Cenerentola<\/strong><br \/>\nOper | Di, 13.4.2027<\/p>\n<p><strong>Rodgers &amp; Hammerstein&#8217;s Carousel<\/strong><br \/>\nMusical | Mi, 26.5.2027<\/p>\n<p><strong>Die Cs\u00e1rd\u00e1sf\u00fcrstin<\/strong><br \/>\nOperette | Do, 8.7.2027<\/p>\n<\/div><\/div><div class=\"w-separator size_small\"><\/div><div class=\"wpb_text_column us_custom_9ace654e stuecke\"><div class=\"wpb_wrapper\"><p>ab 104,00<\/p>\n<\/div><\/div><div class=\"w-btn-wrapper align_none\"><a class=\"w-btn us-btn-style_1\" target=\"_blank\" href=\"https:\/\/www.landestheater-linz.at\/abo-bestellung\/?aboid=179#\/\"><span class=\"w-btn-label\">Bestellen<\/span><\/a><\/div><\/div><\/div><\/div><div class=\"w-tabs-section\" id=\"c711\"><button class=\"w-tabs-section-header\" aria-controls=\"content-c711\" aria-expanded=\"false\"><h5 class=\"w-tabs-section-title\">VOLKSGARTEN-REIHE 3<\/h5><div class=\"w-tabs-section-control\"><\/div><\/button><div  class=\"w-tabs-section-content\" id=\"content-c711\"><div class=\"w-tabs-section-content-h i-cf\"><div class=\"wpb_text_column\"><div class=\"wpb_wrapper\"><p class=\"p1\"><strong>Gro\u00dfer Saal Musiktheater<\/strong><br \/>\n<strong>6 Vorstellungen | Oper, Operette, Musical und Tanz<\/strong><\/p>\n<\/div><\/div><div class=\"w-separator size_small\"><\/div><div class=\"wpb_text_column us_custom_921660bf stuecke\"><div class=\"wpb_wrapper\"><p><strong>Roald Dahl\u2019s Matilda \u2013 Das Musical<\/strong><br \/>\nMusical | Fr, 16.10.2026<\/p>\n<p><strong>Don Pasquale<\/strong><br \/>\nOper | So, 13.12.2026<\/p>\n<p><strong>Luisa Miller<\/strong><br \/>\nOper | Mi, 3.2.2027<\/p>\n<p><strong>Alanis Morissette\u00b4s Jagged Little Pill<\/strong><br \/>\nMusical | Do, 11.3.2027<\/p>\n<p><strong>Prometheus<\/strong><br \/>\nTanz | Mi, 5.5.2027<\/p>\n<p><strong>Die Cs\u00e1rd\u00e1sf\u00fcrstin<\/strong><br \/>\nOperette | Mi, 16.6.2027<\/p>\n<\/div><\/div><div class=\"w-separator size_small\"><\/div><div class=\"wpb_text_column us_custom_9ace654e stuecke\"><div class=\"wpb_wrapper\"><p>AB 95,00<\/p>\n<\/div><\/div><div class=\"w-btn-wrapper align_none\"><a class=\"w-btn us-btn-style_1\" target=\"_blank\" href=\"https:\/\/www.landestheater-linz.at\/abo-bestellung\/?aboid=180#\/\"><span class=\"w-btn-label\">Bestellen<\/span><\/a><\/div><\/div><\/div><\/div><div class=\"w-tabs-section\" id=\"mc79\"><button class=\"w-tabs-section-header\" aria-controls=\"content-mc79\" aria-expanded=\"false\"><h5 class=\"w-tabs-section-title\">VOLKSGARTEN-REIHE 4<\/h5><div class=\"w-tabs-section-control\"><\/div><\/button><div  class=\"w-tabs-section-content\" id=\"content-mc79\"><div class=\"w-tabs-section-content-h i-cf\"><div class=\"wpb_text_column\"><div class=\"wpb_wrapper\"><p class=\"p1\"><strong>Gro\u00dfer Saal Musiktheater <\/strong><br \/>\n<strong>6 Vorstellungen | Oper, Operette, Musical und Tanz<\/strong><\/p>\n<\/div><\/div><div class=\"w-separator size_small\"><\/div><div class=\"wpb_text_column us_custom_921660bf stuecke\"><div class=\"wpb_wrapper\"><p><strong>Don Pasquale<\/strong><br \/>\nOper | Mo, 19.10.2026<\/p>\n<p><strong>Alanis Morissette\u00b4s Jagged Little Pill<\/strong><br \/>\nMusical | DO, 26.11.2026<\/p>\n<p><strong>K\u00f6nigskinder<\/strong><br \/>\nOper | Fr, 29.1.2027, 19.00<\/p>\n<p><strong>Roald Dahl\u2019s Matilda \u2013 Das Musical<\/strong><br \/>\nMusical | Fr, 5.3.2027<\/p>\n<p><strong>Die Cs\u00e1rd\u00e1sf\u00fcrstin<\/strong><br \/>\nOperette | Do, 22.4.2027<\/p>\n<p><strong>Prometheus<\/strong><br \/>\nTanz | Do, 3.6.2027<\/p>\n<\/div><\/div><div class=\"w-separator size_small\"><\/div><div class=\"wpb_text_column us_custom_9ace654e stuecke\"><div class=\"wpb_wrapper\"><p>AB 95,00<\/p>\n<\/div><\/div><div class=\"w-btn-wrapper align_none\"><a class=\"w-btn us-btn-style_1\" target=\"_blank\" href=\"https:\/\/www.landestheater-linz.at\/abo-bestellung\/?aboid=181#\/\"><span class=\"w-btn-label\">Bestellen<\/span><\/a><\/div><\/div><\/div><\/div><\/div><\/div><div class=\"w-separator size_medium\"><\/div><div class=\"w-popup hide_on_default hide_on_laptops w-btn-wrapper align_left\"><button class=\"w-popup-trigger type_btn w-btn us-btn-style_2\" aria-label=\"[i] Legende\" type=\"button\"><span class=\"w-btn-label\">[i] Legende<\/span><\/button><div class=\"w-popup-overlay\" style=\"background:rgba(0,0,0,0.85);\"><\/div><div class=\"w-popup-wrap layout_fullscreen\" role=\"dialog\" aria-modal=\"true\" aria-label=\"Pop-up\" style=\"--title-color:var(--color-content-heading);--title-bg-color:var(--color-content-bg-alt);--content-color:var(--color-content-text);--content-bg-color:var(--color-content-bg);--popup-width:100%;--popup-padding:5%;\"><button aria-label=\"Schlie\u00dfen\" class=\"w-popup-closer\" type=\"button\"><\/button><div class=\"w-popup-box animation_fadeIn closerpos_outside without_title\"><div class=\"w-popup-box-h\"><div class=\"w-popup-box-content\"><section class=\"l-section wpb_row us_custom_6ed54be3 height_auto\"><div class=\"l-section-h i-cf\"><div class=\"g-cols vc_row via_flex valign_middle type_default stacking_default\"><div class=\"vc_col-sm-12 wpb_column vc_column_container\"><div class=\"vc_column-inner\"><div class=\"wpb_wrapper\"><div class=\"g-cols wpb_row via_flex valign_middle type_default stacking_default\"><div class=\"vc_col-sm-12 wpb_column vc_column_container\"><div class=\"vc_column-inner\"><div class=\"wpb_wrapper\"><div class=\"wpb_text_column\"><div class=\"wpb_wrapper\"><h4>Legende<\/h4>\n<\/div><\/div><div class=\"w-separator size_small\"><\/div><\/div><\/div><\/div><\/div><div class=\"wpb_text_column us_custom_1a37dc29\"><div class=\"wpb_wrapper\"><p><strong>BH<\/strong> &gt; Brucknerhaus<br \/>\n<strong>GS<\/strong> &gt; GROSSER SAAL MUSIKTHEATER<br \/>\n<strong>BB<\/strong> &gt; BLACKBOX MUSIKTHEATER<br \/>\n<strong>OS<\/strong> &gt; Orchestersaal MUSIKTHEATER<br \/>\n<strong>SH<\/strong> &gt; SCHAUSPIELHAUS<br \/>\n<strong>KS<\/strong> &gt; KAMMERSPIELE<br \/>\n<strong>SB<\/strong> &gt; Studiob\u00fchne<\/p>\n<\/div><\/div><\/div><\/div><\/div><\/div><\/div><\/section>\n<\/div><\/div><\/div><\/div><\/div><\/div><\/div><\/div><div class=\"vc_col-sm-3 wpb_column vc_column_container hide_on_tablets hide_on_mobiles\"><div class=\"vc_column-inner us_custom_a8c917e3 type_sticky\"><div class=\"wpb_wrapper\"><section class=\"l-section wpb_row us_custom_6ed54be3 height_auto\"><div class=\"l-section-h i-cf\"><div class=\"g-cols vc_row via_flex valign_middle type_default stacking_default\"><div class=\"vc_col-sm-12 wpb_column vc_column_container\"><div class=\"vc_column-inner\"><div class=\"wpb_wrapper\"><div class=\"g-cols wpb_row via_flex valign_middle type_default stacking_default\"><div class=\"vc_col-sm-12 wpb_column vc_column_container\"><div class=\"vc_column-inner\"><div class=\"wpb_wrapper\"><div class=\"wpb_text_column\"><div class=\"wpb_wrapper\"><h4>Legende<\/h4>\n<\/div><\/div><div class=\"w-separator size_small\"><\/div><\/div><\/div><\/div><\/div><div class=\"wpb_text_column us_custom_1a37dc29\"><div class=\"wpb_wrapper\"><p><strong>BH<\/strong> &gt; Brucknerhaus<br \/>\n<strong>GS<\/strong> &gt; GROSSER SAAL MUSIKTHEATER<br \/>\n<strong>BB<\/strong> &gt; BLACKBOX MUSIKTHEATER<br \/>\n<strong>OS<\/strong> &gt; Orchestersaal MUSIKTHEATER<br \/>\n<strong>SH<\/strong> &gt; SCHAUSPIELHAUS<br \/>\n<strong>KS<\/strong> &gt; KAMMERSPIELE<br \/>\n<strong>SB<\/strong> &gt; Studiob\u00fchne<\/p>\n<\/div><\/div><\/div><\/div><\/div><\/div><\/div><\/section>\n<\/div><\/div><\/div><\/div><\/div><\/section><section class=\"l-section wpb_row us_custom_6d49a5dd height_auto\" id=\"brass-abo\"><div class=\"l-section-h i-cf\"><div class=\"g-cols vc_row via_flex valign_bottom type_default stacking_default\"><div class=\"vc_col-sm-12 wpb_column vc_column_container\"><div class=\"vc_column-inner\"><div class=\"wpb_wrapper\"><div class=\"g-cols wpb_row us_custom_1ab7fc01 via_flex valign_middle type_default stacking_default\"><div class=\"vc_col-sm-12 wpb_column vc_column_container\"><div class=\"vc_column-inner\"><div class=\"wpb_wrapper\"><div class=\"wpb_text_column us_custom_29745117 abo-title has_text_color hide_on_tablets hide_on_mobiles\"><div class=\"wpb_wrapper\"><h3>Brass-Abo<\/h3>\n<\/div><\/div><\/div><\/div><\/div><\/div><\/div><\/div><\/div><\/div><\/div><\/section><section class=\"l-section wpb_row height_auto\"><div class=\"l-section-h i-cf\"><div class=\"g-cols vc_row via_flex valign_top type_default stacking_default\"><div class=\"vc_col-sm-12 vc_col-lg-9 vc_col-md-9 wpb_column vc_column_container\"><div class=\"vc_column-inner\"><div class=\"wpb_wrapper\"><div class=\"g-cols wpb_row us_custom_7ce54d84 via_flex valign_top type_default stacking_default\"><div class=\"vc_col-sm-12 wpb_column vc_column_container\"><div class=\"vc_column-inner\"><div class=\"wpb_wrapper\"><div class=\"wpb_text_column\"><div class=\"wpb_wrapper\"><h4>Abos 2026\/2027<\/h4>\n<\/div><\/div><div class=\"w-separator size_small\"><\/div><\/div><\/div><\/div><\/div><div class=\"g-cols wpb_row via_flex valign_top type_default stacking_default\"><div class=\"vc_col-sm-12 vc_col-lg-4 vc_col-md-4 wpb_column vc_column_container\"><div class=\"vc_column-inner\"><div class=\"wpb_wrapper\"><div class=\"wpb_text_column\"><div class=\"wpb_wrapper\"><h2>Brass-Abo<\/h2>\n<\/div><\/div><\/div><\/div><\/div><div class=\"vc_col-sm-12 vc_col-lg-8 vc_col-md-8 wpb_column vc_column_container\"><div class=\"vc_column-inner\"><div class=\"wpb_wrapper\"><div class=\"wpb_text_column\"><div class=\"wpb_wrapper\"><p class=\"p1\">Mit <em>Brass in Concert<\/em> bringt das Musiktheater die Blechbl\u00e4serkunst auf die gro\u00dfe B\u00fchne \u2013 virtuos, stilistisch vielf\u00e4ltig und mit k\u00fcnstlerischem Anspruch. Internationale Spitzenensembles treffen auf pr\u00e4gende Stimmen der heimischen Szene und zeigen die ganze Bandbreite von klassischem Repertoire \u00fcber Crossover bis hin zu mitrei\u00dfender Blasmusik.<\/p>\n<p>In dieser Saison verwandeln sich die Blechbl\u00e4ser in wahre Klangabenteurer: Canadian Brass verzaubern mit <em>Amazing Brass<\/em>, Da Blechhauf\u2019n stimmen mit <em>Wir sagen euch an!<\/em> auf den Advent ein, Vienna Brass Connection bringen mit <em>Live<\/em> die B\u00fchne zum Beben und die Thomas Gansch Blasmusik Supergroup entfacht mit <em>The Sound Of Blasmusik<\/em> eine explosive Mischung aus Energie, Witz und musikalischem Feuerwerk.<\/p>\n<\/div><\/div><\/div><\/div><\/div><\/div><div class=\"w-separator size_small\"><\/div><div class=\"w-tabs style_default switch_click accordion has_scrolling remove_indents\" style=\"--sections-title-size:inherit\"><div class=\"w-tabs-sections titles-align_none icon_chevron cpos_right\"><div class=\"w-tabs-section\" id=\"z568\"><button class=\"w-tabs-section-header\" aria-controls=\"content-z568\" aria-expanded=\"false\"><h5 class=\"w-tabs-section-title\">Brass-Abo<\/h5><div class=\"w-tabs-section-control\"><\/div><\/button><div  class=\"w-tabs-section-content\" id=\"content-z568\"><div class=\"w-tabs-section-content-h i-cf\"><div class=\"wpb_text_column\"><div class=\"wpb_wrapper\"><p class=\"p1\"><strong>Gro\u00dfer Saal Musiktheater<br \/>\n4 Konzerte<\/strong><\/p>\n<\/div><\/div><div class=\"w-separator size_small\"><\/div><div class=\"wpb_text_column us_custom_921660bf stuecke\"><div class=\"wpb_wrapper\"><p><strong>Canadian Brass<\/strong><br \/>\nAmazing Brass<br \/>\nSo, 4.10.2026<\/p>\n<p><strong>DA BLECHHAUF\u00b4N<\/strong><br \/>\nWir sagen euch an!<br \/>\nMo, 14.12.2026<\/p>\n<p><strong>Vienna Brass Connection<\/strong><br \/>\nLive<br \/>\nSo, 21.2.2027<\/p>\n<p><strong>Thomas Gansch Blasmusik Supergroup<\/strong><br \/>\nThe Sound of Blasmusik<br \/>\nFr, 18.6.2027<\/p>\n<\/div><\/div><div class=\"w-separator size_small\"><\/div><div class=\"wpb_text_column us_custom_9ace654e stuecke\"><div class=\"wpb_wrapper\"><p>AB 136,00<\/p>\n<\/div><\/div><div class=\"w-btn-wrapper align_none\"><a class=\"w-btn us-btn-style_1\" target=\"_blank\" href=\"https:\/\/www.landestheater-linz.at\/abo-bestellung\/?aboid=183#\/\"><span class=\"w-btn-label\">Bestellen<\/span><\/a><\/div><div class=\"w-btn-wrapper align_none\"><a class=\"w-btn us-btn-style_1\" target=\"_blank\" href=\"https:\/\/tickets.landestheater-linz.at\/webshop\/webticket\/shop?serie=212&amp;season=26\"><span class=\"w-btn-label\">Direkt im Webshop bestellen<\/span><\/a><\/div><\/div><\/div><\/div><\/div><\/div><div class=\"w-separator size_medium\"><\/div><\/div><\/div><\/div><div class=\"vc_col-sm-3 wpb_column vc_column_container hide_on_tablets hide_on_mobiles\"><div class=\"vc_column-inner us_custom_a8c917e3 type_sticky\"><div class=\"wpb_wrapper\"><\/div><\/div><\/div><\/div><\/div><\/section><section class=\"l-section wpb_row us_custom_6dd71e2c height_auto\" id=\"freunde-abo\"><div class=\"l-section-h i-cf\"><div class=\"g-cols vc_row via_flex valign_bottom type_default stacking_default\"><div class=\"vc_col-sm-12 wpb_column vc_column_container\"><div class=\"vc_column-inner\"><div class=\"wpb_wrapper\"><div class=\"g-cols wpb_row us_custom_1ab7fc01 via_flex valign_middle type_default stacking_default\"><div class=\"vc_col-sm-12 wpb_column vc_column_container\"><div class=\"vc_column-inner\"><div class=\"wpb_wrapper\"><div class=\"wpb_text_column us_custom_7cdbc5aa abo-title has_text_color hide_on_tablets hide_on_mobiles\"><div class=\"wpb_wrapper\"><h3>Freunde-Abo<\/h3>\n<\/div><\/div><\/div><\/div><\/div><\/div><\/div><\/div><\/div><\/div><\/div><\/section><section class=\"l-section wpb_row height_auto\"><div class=\"l-section-h i-cf\"><div class=\"g-cols vc_row via_flex valign_top type_default stacking_default\"><div class=\"vc_col-sm-12 vc_col-lg-9 vc_col-md-9 wpb_column vc_column_container\"><div class=\"vc_column-inner\"><div class=\"wpb_wrapper\"><div class=\"g-cols wpb_row us_custom_7ce54d84 via_flex valign_top type_default stacking_default\" id=\"freunde-abo\"><div class=\"vc_col-sm-12 wpb_column vc_column_container\"><div class=\"vc_column-inner\"><div class=\"wpb_wrapper\"><div class=\"wpb_text_column\"><div class=\"wpb_wrapper\"><h4>Freunde des Linzer Musiktheaters-Abo<\/h4>\n<\/div><\/div><div class=\"w-separator size_small\"><\/div><\/div><\/div><\/div><\/div><div class=\"w-tabs style_default switch_click accordion has_scrolling remove_indents\" style=\"--sections-title-size:inherit\"><div class=\"w-tabs-sections titles-align_none icon_chevron cpos_right\"><div class=\"w-tabs-section\" id=\"xe7f\"><button class=\"w-tabs-section-header\" aria-controls=\"content-xe7f\" aria-expanded=\"false\"><h5 class=\"w-tabs-section-title\">Freunde-Abo<\/h5><div class=\"w-tabs-section-control\"><\/div><\/button><div  class=\"w-tabs-section-content\" id=\"content-xe7f\"><div class=\"w-tabs-section-content-h i-cf\"><div class=\"wpb_text_column\"><div class=\"wpb_wrapper\"><p class=\"p1\"><strong>Gro\u00dfer Saal Musiktheater<br \/>\n7 Vorstellungen | Oper, Operette, Musical und Tanz<\/strong><\/p>\n<\/div><\/div><div class=\"w-separator size_small\"><\/div><div class=\"wpb_text_column us_custom_921660bf stuecke\"><div class=\"wpb_wrapper\"><p><strong>Don Pasquale<\/strong><br \/>\nOper | Do, 8.10.2026<\/p>\n<p><strong>Die Cs\u00e1rd\u00e1sf\u00fcrstin<\/strong><br \/>\nOperette | Sa, 7.11.2026<\/p>\n<p><strong>Lohengrin<\/strong><br \/>\nOper | Di, 29.12.2026, 18.00<\/p>\n<p><strong>Prometheus<\/strong><br \/>\nTanz | Do, 18.2.2027<\/p>\n<p><strong>Luisa Miller<\/strong><br \/>\nOper | Do, 15.4.2027<\/p>\n<p><strong>Rodgers &amp; Hammerstein&#8217;s Carousel<\/strong><br \/>\nMusical | Fr, 21.5.2027<\/p>\n<p><strong>K\u00f6nigskinder<\/strong><br \/>\nOper | So, 27.6.2027, 19.00<\/p>\n<\/div><\/div><div class=\"w-separator size_small\"><\/div><div class=\"wpb_text_column us_custom_9ace654e stuecke\"><div class=\"wpb_wrapper\"><p>AB 111,00<\/p>\n<\/div><\/div><div class=\"w-btn-wrapper align_none\"><a class=\"w-btn us-btn-style_1\" target=\"_blank\" href=\"https:\/\/www.landestheater-linz.at\/abo-bestellung\/?aboid=143#\/\"><span class=\"w-btn-label\">Bestellen<\/span><\/a><\/div><\/div><\/div><\/div><\/div><\/div><div class=\"w-separator size_medium\"><\/div><\/div><\/div><\/div><div class=\"vc_col-sm-3 wpb_column vc_column_container hide_on_tablets hide_on_mobiles\"><div class=\"vc_column-inner us_custom_a8c917e3 type_sticky\"><div class=\"wpb_wrapper\"><\/div><\/div><\/div><\/div><\/div><\/section><section class=\"l-section wpb_row us_custom_99d5751a height_auto\" id=\"liebhaber-abos\"><div class=\"l-section-h i-cf\"><div class=\"g-cols vc_row via_flex valign_bottom type_default stacking_default\"><div class=\"vc_col-sm-12 wpb_column vc_column_container\"><div class=\"vc_column-inner\"><div class=\"wpb_wrapper\"><div class=\"g-cols wpb_row us_custom_1ab7fc01 via_flex valign_middle type_default stacking_default\"><div class=\"vc_col-sm-12 wpb_column vc_column_container\"><div class=\"vc_column-inner\"><div class=\"wpb_wrapper\"><div class=\"wpb_text_column us_custom_995a01f0 abo-title has_text_color hide_on_tablets hide_on_mobiles\"><div class=\"wpb_wrapper\"><h3>Liebhaber-Abos<\/h3>\n<\/div><\/div><\/div><\/div><\/div><\/div><\/div><\/div><\/div><\/div><\/div><\/section><section class=\"l-section wpb_row height_auto\" id=\"abos\"><div class=\"l-section-h i-cf\"><div class=\"g-cols vc_row via_flex valign_top type_default stacking_default\"><div class=\"vc_col-sm-12 vc_col-lg-9 vc_col-md-9 wpb_column vc_column_container\"><div class=\"vc_column-inner\"><div class=\"wpb_wrapper\"><div class=\"g-cols wpb_row us_custom_7ce54d84 via_flex valign_top type_default stacking_default\"><div class=\"vc_col-sm-12 wpb_column vc_column_container\"><div class=\"vc_column-inner\"><div class=\"wpb_wrapper\"><div class=\"wpb_text_column\"><div class=\"wpb_wrapper\"><h4>Liebhaber-Abos<\/h4>\n<\/div><\/div><div class=\"w-separator size_small\"><\/div><\/div><\/div><\/div><\/div><div class=\"g-cols wpb_row via_flex valign_top type_default stacking_default\"><div class=\"vc_col-sm-12 vc_col-lg-4 vc_col-md-4 wpb_column vc_column_container\"><div class=\"vc_column-inner\"><div class=\"wpb_wrapper\"><div class=\"wpb_text_column\"><div class=\"wpb_wrapper\"><h2>Klare Verh\u00e4ltnisse. Treue Seelen.<\/h2>\n<\/div><\/div><\/div><\/div><\/div><div class=\"vc_col-sm-12 vc_col-lg-8 vc_col-md-8 wpb_column vc_column_container\"><div class=\"vc_column-inner\"><div class=\"wpb_wrapper\"><div class=\"wpb_text_column\"><div class=\"wpb_wrapper\"><p>Gar keine Frage: Die Polyamorie hat ihren Reiz. Ihren Reiz hat aber auch die Tiefe einer exklusiv monogamen Beziehung. Zu einer ganz bestimmten Sparte, sei es die Oper, das Schauspiel, das Konzert, der Tanz oder das Musical. Oder zu einer speziellen Spielst\u00e4tte: Musiktheater, Schauspiel- oder Brucknerhaus Linz. Wie auch immer: Auf uns k\u00f6nnen Sie sich festlegen.<\/p>\n<\/div><\/div><\/div><\/div><\/div><\/div><div class=\"w-separator size_small\"><\/div><div class=\"w-tabs style_default switch_click accordion has_scrolling remove_indents\" style=\"--sections-title-size:inherit\"><div class=\"w-tabs-sections titles-align_none icon_chevron cpos_right\"><div class=\"w-tabs-section\" id=\"ccd3\"><button class=\"w-tabs-section-header\" aria-controls=\"content-ccd3\" aria-expanded=\"false\"><h5 class=\"w-tabs-section-title\">Opern-Abo<\/h5><div class=\"w-tabs-section-control\"><\/div><\/button><div  class=\"w-tabs-section-content\" id=\"content-ccd3\"><div class=\"w-tabs-section-content-h i-cf\"><div class=\"wpb_text_column\"><div class=\"wpb_wrapper\"><p class=\"p1\"><strong>Gro\u00dfer Saal Musiktheater <\/strong><br \/>\n<strong>5 Vorstellungen | Oper<\/strong><\/p>\n<\/div><\/div><div class=\"w-separator size_small\"><\/div><div class=\"wpb_text_column us_custom_921660bf stuecke\"><div class=\"wpb_wrapper\"><p><strong>Lohengrin<\/strong><br \/>\nSA, 21.11.2026, 17.00<\/p>\n<p><strong>Luisa Miller<\/strong><br \/>\nMi, 27.1.2027<\/p>\n<p><strong>K\u00f6nigskinder<\/strong><br \/>\nSa, 20.3.2027, 19.00<\/p>\n<p><strong>La Cenerentola<\/strong><br \/>\nFr, 30.4.2027<\/p>\n<p><strong>Der gute Mensch von Sezuan<\/strong><br \/>\nDo, 17.6.2027<\/p>\n<\/div><\/div><div class=\"w-separator size_small\"><\/div><div class=\"wpb_text_column us_custom_9ace654e stuecke\"><div class=\"wpb_wrapper\"><p>AB 79,00<\/p>\n<\/div><\/div><div class=\"w-btn-wrapper align_none\"><a class=\"w-btn us-btn-style_1\" target=\"_blank\" href=\"https:\/\/www.landestheater-linz.at\/abo-bestellung\/?aboid=206#\/\"><span class=\"w-btn-label\">Bestellen<\/span><\/a><\/div><\/div><\/div><\/div><div class=\"w-tabs-section\" id=\"a21a\"><button class=\"w-tabs-section-header\" aria-controls=\"content-a21a\" aria-expanded=\"false\"><h5 class=\"w-tabs-section-title\">Musical-Abo<\/h5><div class=\"w-tabs-section-control\"><\/div><\/button><div  class=\"w-tabs-section-content\" id=\"content-a21a\"><div class=\"w-tabs-section-content-h i-cf\"><div class=\"wpb_text_column\"><div class=\"wpb_wrapper\"><p class=\"p1\"><strong>Gro\u00dfer Saal Musiktheater und BlackBox Musiktheater<\/strong><br \/>\n<strong>4 Vorstellungen | Musical<\/strong><\/p>\n<\/div><\/div><div class=\"w-separator size_small\"><\/div><div class=\"wpb_text_column us_custom_921660bf stuecke\"><div class=\"wpb_wrapper\"><p><strong>Roald Dahl\u2019s Matilda \u2013 Das Musical<\/strong><br \/>\nDo, 17.9.2026 &gt; GS<\/p>\n<p><strong>Alanis Morissette\u00b4s Jagged Little Pill<\/strong><br \/>\nFr, 18.12.2026 &gt; GS<\/p>\n<p><strong>The Band&#8217;s Visit<\/strong><br \/>\nSo, 24.1., 17.00 \/<br \/>\nDi, 2.2. \/ Fr, 5.2. \/ Do, 18.2. \/ Sa 20.2.2027, jeweils 20.00 &gt; BB<\/p>\n<p><strong>Rodgers &amp; Hammerstein&#8217;s Carousel<\/strong><br \/>\nDo, 8.4.2027 &gt; GS<\/p>\n<\/div><\/div><div class=\"w-separator size_small\"><\/div><div class=\"wpb_text_column us_custom_9ace654e stuecke\"><div class=\"wpb_wrapper\"><p>ab 90,00<\/p>\n<\/div><\/div><div class=\"w-btn-wrapper align_none\"><a class=\"w-btn us-btn-style_1\" target=\"_blank\" href=\"https:\/\/www.landestheater-linz.at\/abo-bestellung\/?aboid=207#\/\"><span class=\"w-btn-label\">Bestellen<\/span><\/a><\/div><\/div><\/div><\/div><div class=\"w-tabs-section\" id=\"u764\"><button class=\"w-tabs-section-header\" aria-controls=\"content-u764\" aria-expanded=\"false\"><h5 class=\"w-tabs-section-title\">Tanz-Abo<\/h5><div class=\"w-tabs-section-control\"><\/div><\/button><div  class=\"w-tabs-section-content\" id=\"content-u764\"><div class=\"w-tabs-section-content-h i-cf\"><div class=\"wpb_text_column\"><div class=\"wpb_wrapper\"><p class=\"p1\"><strong>Gro\u00dfer Saal Musiktheater und BlackBox Musiktheater<br \/>\n3 Vorstellungen | Tanz | 17.00<\/strong><\/p>\n<\/div><\/div><div class=\"w-separator size_small\"><\/div><div class=\"wpb_text_column us_custom_921660bf stuecke\"><div class=\"wpb_wrapper\"><p><strong>Divine Matter<\/strong><br \/>\nSo, 20.12.2026 &gt; GS<\/p>\n<p><strong>Prometheus<\/strong><br \/>\nSo, 7.3.2027 &gt; GS<\/p>\n<p><strong>Preistr\u00e4ger:innen-Choreografie Hannover 2026<\/strong><br \/>\nSo, 20.6.2027 &gt; BB<\/p>\n<\/div><\/div><div class=\"w-separator size_small\"><\/div><div class=\"wpb_text_column us_custom_9ace654e stuecke\"><div class=\"wpb_wrapper\"><p>ab 54,00<\/p>\n<\/div><\/div><div class=\"w-btn-wrapper align_none\"><a class=\"w-btn us-btn-style_1\" target=\"_blank\" href=\"https:\/\/www.landestheater-linz.at\/abo-bestellung\/?aboid=150#\/\"><span class=\"w-btn-label\">Bestellen<\/span><\/a><\/div><\/div><\/div><\/div><div class=\"w-tabs-section\" id=\"rc86\"><button class=\"w-tabs-section-header\" aria-controls=\"content-rc86\" aria-expanded=\"false\"><h5 class=\"w-tabs-section-title\">Blackbox-Abo<\/h5><div class=\"w-tabs-section-control\"><\/div><\/button><div  class=\"w-tabs-section-content\" id=\"content-rc86\"><div class=\"w-tabs-section-content-h i-cf\"><div class=\"wpb_text_column\"><div class=\"wpb_wrapper\"><p class=\"p1\"><strong>BlackBox Musiktheater <\/strong><br \/>\n<strong>4 Vorstellungen | Oper, Musical und Tanz<\/strong><\/p>\n<\/div><\/div><div class=\"w-separator size_small\"><\/div><div class=\"wpb_text_column us_custom_921660bf stuecke\"><div class=\"wpb_wrapper\"><p><strong>Agrippina<\/strong><br \/>\nOper | Fr, 4.12.2026<\/p>\n<p><strong>The Band&#8217;s Visit<\/strong><br \/>\nMusical | FR, 29.1.2027<\/p>\n<p><strong>Die B\u00fcrgschaft<\/strong><br \/>\nOper | Sa, 24.4.2027<\/p>\n<p><strong>Preistr\u00e4ger:innen-Choreografie Hannover 2026<\/strong><br \/>\nTanz | Do, 17.6.2027<\/p>\n<\/div><\/div><div class=\"w-separator size_small\"><\/div><div class=\"wpb_text_column us_custom_9ace654e stuecke\"><div class=\"wpb_wrapper\"><p>um 118,00<\/p>\n<\/div><\/div><div class=\"w-btn-wrapper align_none\"><a class=\"w-btn us-btn-style_1\" target=\"_blank\" href=\"https:\/\/www.landestheater-linz.at\/abo-bestellung\/?aboid=142#\/\"><span class=\"w-btn-label\">Bestellen<\/span><\/a><\/div><\/div><\/div><\/div><div class=\"w-tabs-section\" id=\"v207\"><button class=\"w-tabs-section-header\" aria-controls=\"content-v207\" aria-expanded=\"false\"><h5 class=\"w-tabs-section-title\">Schauspiel-Abo<\/h5><div class=\"w-tabs-section-control\"><\/div><\/button><div  class=\"w-tabs-section-content\" id=\"content-v207\"><div class=\"w-tabs-section-content-h i-cf\"><div class=\"wpb_text_column\"><div class=\"wpb_wrapper\"><p class=\"p1\"><strong>BlackBox Musiktheater, Schauspielhaus und Kammerspiele<\/strong><br \/>\n<strong>9 Vorstellungen | Schauspiel<\/strong><\/p>\n<\/div><\/div><div class=\"w-separator size_small\"><\/div><div class=\"wpb_text_column us_custom_921660bf stuecke\"><div class=\"wpb_wrapper\"><p><strong>Linzer Torte mit Schlag<\/strong><br \/>\nSa, 26.9.2026, 20.00 &gt; BB<\/p>\n<p><strong>Elisabeth II.<\/strong><br \/>\nFr, 23.10.2026 &gt; KS<\/p>\n<p><strong>Romeo und Julia<\/strong><br \/>\nDo, 19.11.2026 &gt; SH<\/p>\n<p><strong>Dieses St\u00fcck geht schief<\/strong><br \/>\nDo, 10.12.2026 &gt; SH<\/p>\n<p><strong>Marie-Antoinette \u2013 oder Kuchen f\u00fcr alle<\/strong><br \/>\nSa, 13.2.2027 &gt; KS<\/p>\n<p><strong>Der kaukasische Kreidekreis<\/strong><br \/>\nDi, 2.3.2027 &gt; SH<\/p>\n<p><strong>Schichtwechsel<\/strong><br \/>\nDi, 23.3.2027 &gt; KS<\/p>\n<p><strong>Der Meineidbauer<\/strong><br \/>\nMo, 3.5.2027 &gt; SH<\/p>\n<p><strong>Die Schutzbefohlenen \u2013 Was danach Geschah<\/strong><br \/>\nSa, 22.5.2027 &gt; KS<\/p>\n<\/div><\/div><div class=\"w-separator size_small\"><\/div><div class=\"wpb_text_column us_custom_9ace654e stuecke\"><div class=\"wpb_wrapper\"><p>AB 156,00<\/p>\n<\/div><\/div><div class=\"w-btn-wrapper align_none\"><a class=\"w-btn us-btn-style_1\" target=\"_blank\" href=\"https:\/\/www.landestheater-linz.at\/abo-bestellung\/?aboid=231#\/\"><span class=\"w-btn-label\">Bestellen<\/span><\/a><\/div><\/div><\/div><\/div><div class=\"w-tabs-section\" id=\"r767\"><button class=\"w-tabs-section-header\" aria-controls=\"content-r767\" aria-expanded=\"false\"><h5 class=\"w-tabs-section-title\">Schauspielhaus-Abo<\/h5><div class=\"w-tabs-section-control\"><\/div><\/button><div  class=\"w-tabs-section-content\" id=\"content-r767\"><div class=\"w-tabs-section-content-h i-cf\"><div class=\"wpb_text_column\"><div class=\"wpb_wrapper\"><p class=\"p1\"><strong>Schauspielhaus<\/strong><br \/>\n<strong>5 Vorstellungen | Schauspiel und Oper<\/strong><\/p>\n<\/div><\/div><div class=\"w-separator size_small\"><\/div><div class=\"wpb_text_column us_custom_921660bf stuecke\"><div class=\"wpb_wrapper\"><p><strong>Vanishings<\/strong><br \/>\nOper | Sa, 31.10.2026<\/p>\n<p><strong>Romeo und Julia<\/strong><br \/>\nSo, 6.12.2026, 17.00<\/p>\n<p><strong>Dieses St\u00fcck geht schief<\/strong><br \/>\nSa, 20.2.2027<\/p>\n<p><strong>Der kaukasische Kreidekreis<\/strong><br \/>\nMi, 17.3.2027<\/p>\n<p><strong>Der Meineidbauer<\/strong><br \/>\nMo, 31.5.2027<\/p>\n<\/div><\/div><div class=\"w-separator size_small\"><\/div><div class=\"wpb_text_column us_custom_9ace654e stuecke\"><div class=\"wpb_wrapper\"><p>AB 89,00<\/p>\n<\/div><\/div><div class=\"w-btn-wrapper align_none\"><a class=\"w-btn us-btn-style_1\" target=\"_blank\" href=\"https:\/\/www.landestheater-linz.at\/abo-bestellung\/?aboid=177#\/\"><span class=\"w-btn-label\">Bestellen<\/span><\/a><\/div><\/div><\/div><\/div><\/div><\/div><div class=\"w-separator size_medium\"><\/div><div class=\"w-popup hide_on_default hide_on_laptops w-btn-wrapper align_left\"><button class=\"w-popup-trigger type_btn w-btn us-btn-style_2\" aria-label=\"[i] Legende\" type=\"button\"><span class=\"w-btn-label\">[i] Legende<\/span><\/button><div class=\"w-popup-overlay\" style=\"background:rgba(0,0,0,0.85);\"><\/div><div class=\"w-popup-wrap layout_fullscreen\" role=\"dialog\" aria-modal=\"true\" aria-label=\"Pop-up\" style=\"--title-color:var(--color-content-heading);--title-bg-color:var(--color-content-bg-alt);--content-color:var(--color-content-text);--content-bg-color:var(--color-content-bg);--popup-width:100%;--popup-padding:5%;\"><button aria-label=\"Schlie\u00dfen\" class=\"w-popup-closer\" type=\"button\"><\/button><div class=\"w-popup-box animation_fadeIn closerpos_outside without_title\"><div class=\"w-popup-box-h\"><div class=\"w-popup-box-content\"><section class=\"l-section wpb_row us_custom_6ed54be3 height_auto\"><div class=\"l-section-h i-cf\"><div class=\"g-cols vc_row via_flex valign_middle type_default stacking_default\"><div class=\"vc_col-sm-12 wpb_column vc_column_container\"><div class=\"vc_column-inner\"><div class=\"wpb_wrapper\"><div class=\"g-cols wpb_row via_flex valign_middle type_default stacking_default\"><div class=\"vc_col-sm-12 wpb_column vc_column_container\"><div class=\"vc_column-inner\"><div class=\"wpb_wrapper\"><div class=\"wpb_text_column\"><div class=\"wpb_wrapper\"><h4>Legende<\/h4>\n<\/div><\/div><div class=\"w-separator size_small\"><\/div><\/div><\/div><\/div><\/div><div class=\"wpb_text_column us_custom_1a37dc29\"><div class=\"wpb_wrapper\"><p><strong>BH<\/strong> &gt; Brucknerhaus<br \/>\n<strong>GS<\/strong> &gt; GROSSER SAAL MUSIKTHEATER<br \/>\n<strong>BB<\/strong> &gt; BLACKBOX MUSIKTHEATER<br \/>\n<strong>OS<\/strong> &gt; Orchestersaal MUSIKTHEATER<br \/>\n<strong>SH<\/strong> &gt; SCHAUSPIELHAUS<br \/>\n<strong>KS<\/strong> &gt; KAMMERSPIELE<br \/>\n<strong>SB<\/strong> &gt; Studiob\u00fchne<\/p>\n<\/div><\/div><\/div><\/div><\/div><\/div><\/div><\/section>\n<\/div><\/div><\/div><\/div><\/div><\/div><\/div><\/div><div class=\"vc_col-sm-3 wpb_column vc_column_container hide_on_tablets hide_on_mobiles\"><div class=\"vc_column-inner us_custom_a8c917e3 type_sticky\"><div class=\"wpb_wrapper\"><section class=\"l-section wpb_row us_custom_6ed54be3 height_auto\"><div class=\"l-section-h i-cf\"><div class=\"g-cols vc_row via_flex valign_middle type_default stacking_default\"><div class=\"vc_col-sm-12 wpb_column vc_column_container\"><div class=\"vc_column-inner\"><div class=\"wpb_wrapper\"><div class=\"g-cols wpb_row via_flex valign_middle type_default stacking_default\"><div class=\"vc_col-sm-12 wpb_column vc_column_container\"><div class=\"vc_column-inner\"><div class=\"wpb_wrapper\"><div class=\"wpb_text_column\"><div class=\"wpb_wrapper\"><h4>Legende<\/h4>\n<\/div><\/div><div class=\"w-separator size_small\"><\/div><\/div><\/div><\/div><\/div><div class=\"wpb_text_column us_custom_1a37dc29\"><div class=\"wpb_wrapper\"><p><strong>BH<\/strong> &gt; Brucknerhaus<br \/>\n<strong>GS<\/strong> &gt; GROSSER SAAL MUSIKTHEATER<br \/>\n<strong>BB<\/strong> &gt; BLACKBOX MUSIKTHEATER<br \/>\n<strong>OS<\/strong> &gt; Orchestersaal MUSIKTHEATER<br \/>\n<strong>SH<\/strong> &gt; SCHAUSPIELHAUS<br \/>\n<strong>KS<\/strong> &gt; KAMMERSPIELE<br \/>\n<strong>SB<\/strong> &gt; Studiob\u00fchne<\/p>\n<\/div><\/div><\/div><\/div><\/div><\/div><\/div><\/section>\n<\/div><\/div><\/div><\/div><\/div><\/section><section class=\"l-section wpb_row us_custom_dda21108 height_auto\" id=\"familien-abos\"><div class=\"l-section-h i-cf\"><div class=\"g-cols vc_row via_flex valign_bottom type_default stacking_default\"><div class=\"vc_col-sm-12 wpb_column vc_column_container\"><div class=\"vc_column-inner\"><div class=\"wpb_wrapper\"><div class=\"g-cols wpb_row us_custom_1ab7fc01 via_flex valign_middle type_default stacking_default\"><div class=\"vc_col-sm-12 wpb_column vc_column_container\"><div class=\"vc_column-inner\"><div class=\"wpb_wrapper\"><div class=\"wpb_text_column us_custom_29745117 abo-title has_text_color hide_on_tablets hide_on_mobiles\"><div class=\"wpb_wrapper\"><h3>Familien-Abos<\/h3>\n<\/div><\/div><\/div><\/div><\/div><\/div><\/div><\/div><\/div><\/div><\/div><\/section><section class=\"l-section wpb_row height_auto\"><div class=\"l-section-h i-cf\"><div class=\"g-cols vc_row via_flex valign_top type_default stacking_default\"><div class=\"vc_col-sm-12 vc_col-lg-9 vc_col-md-9 wpb_column vc_column_container\"><div class=\"vc_column-inner\"><div class=\"wpb_wrapper\"><div class=\"g-cols wpb_row us_custom_7ce54d84 via_flex valign_top type_default stacking_default\"><div class=\"vc_col-sm-12 wpb_column vc_column_container\"><div class=\"vc_column-inner\"><div class=\"wpb_wrapper\"><div class=\"wpb_text_column\"><div class=\"wpb_wrapper\"><h4>Familien-Abos<\/h4>\n<\/div><\/div><div class=\"w-separator size_small\"><\/div><\/div><\/div><\/div><\/div><div class=\"g-cols wpb_row via_flex valign_top type_default stacking_default\"><div class=\"vc_col-sm-12 vc_col-lg-4 vc_col-md-4 wpb_column vc_column_container\"><div class=\"vc_column-inner\"><div class=\"wpb_wrapper\"><div class=\"wpb_text_column\"><div class=\"wpb_wrapper\"><h2>Was Sie nicht missen m\u00f6gen werden<\/h2>\n<\/div><\/div><\/div><\/div><\/div><div class=\"vc_col-sm-12 vc_col-lg-8 vc_col-md-8 wpb_column vc_column_container\"><div class=\"vc_column-inner\"><div class=\"wpb_wrapper\"><div class=\"wpb_text_column\"><div class=\"wpb_wrapper\"><p class=\"p1\">Indem Sie als Eltern, Gro\u00dfeltern oder anderweitig Verwandte mit den Kindern Ihrer Familie so bald wie m\u00f6glich gemeinsam ins Theater gehen, k\u00f6nnen Sie sich gute Chancen auf die erfolgreiche Vererbung Ihrer Theaterleidenschaft ausrechnen. Teilen Sie die Aufregung eines kollektiven Live-Erlebnisses. Die Erkenntnis, wieviele Film- und Serien- stoffe urspr\u00fcnglich aus der Opern-, Musical- und Theaterliteratur stammen. Und den Genuss am Geistesnahrungsmittel Kunst.<\/p>\n<\/div><\/div><\/div><\/div><\/div><\/div><div class=\"w-separator size_small\"><\/div><div class=\"w-tabs style_default switch_click accordion has_scrolling remove_indents\" style=\"--sections-title-size:inherit\"><div class=\"w-tabs-sections titles-align_none icon_chevron cpos_right\"><div class=\"w-tabs-section\" id=\"q139\"><button class=\"w-tabs-section-header\" aria-controls=\"content-q139\" aria-expanded=\"false\"><h5 class=\"w-tabs-section-title\">KuscheltierKonzert-Abo | 0\u20133<\/h5><div class=\"w-tabs-section-control\"><\/div><\/button><div  class=\"w-tabs-section-content\" id=\"content-q139\"><div class=\"w-tabs-section-content-h i-cf\"><div class=\"wpb_text_column\"><div class=\"wpb_wrapper\"><p class=\"p1\"><strong>BlackBox Lounge Musiktheater\u00a0<\/strong><br \/>\n<strong>4 Konzerte mit Musiker:innen des Bruckner Orchester Linz<\/strong><\/p>\n<\/div><\/div><div class=\"w-separator size_small\"><\/div><div class=\"wpb_text_column us_custom_921660bf stuecke\"><div class=\"wpb_wrapper\"><p><strong>Kreuz und Quer<\/strong><br \/>\n<strong>Tief und Fest<\/strong><br \/>\n<strong>Hoch und weit<\/strong><br \/>\n<strong>Gross und klein<\/strong><\/p>\n<\/div><\/div><div class=\"w-separator size_small\"><\/div><div class=\"wpb_text_column us_custom_9ace654e stuecke\"><div class=\"wpb_wrapper\"><p>Um 40,00<\/p>\n<\/div><\/div><\/div><\/div><\/div><div class=\"w-tabs-section\" id=\"t5df\"><button class=\"w-tabs-section-header\" aria-controls=\"content-t5df\" aria-expanded=\"false\"><h5 class=\"w-tabs-section-title\">Topolina-Abo | 3\u20136<\/h5><div class=\"w-tabs-section-control\"><\/div><\/button><div  class=\"w-tabs-section-content\" id=\"content-t5df\"><div class=\"w-tabs-section-content-h i-cf\"><div class=\"wpb_text_column\"><div class=\"wpb_wrapper\"><p class=\"p1\"><strong>FoyerB\u00fchne Musiktheater, Orchestersaal Musiktheater<br \/>\n4 Konzerte<\/strong><\/p>\n<\/div><\/div><div class=\"w-separator size_small\"><\/div><div class=\"wpb_text_column us_custom_921660bf stuecke\"><div class=\"wpb_wrapper\"><p><strong>TOPOLINA MACHT WETTER<\/strong><br \/>\n<strong>FROHE WEIHNACHTEN, TOPOLINA!<\/strong><br \/>\n<strong>TOPOLINA RETTET DEN M\u00dcLL<\/strong><br \/>\n<strong>TOPOLINA IN DER WERKSTATT<\/strong><\/p>\n<\/div><\/div><div class=\"w-separator size_small\"><\/div><div class=\"wpb_text_column us_custom_9ace654e stuecke\"><div class=\"wpb_wrapper\"><p>um 44,00<\/p>\n<\/div><\/div><\/div><\/div><\/div><div class=\"w-tabs-section\" id=\"mac2\"><button class=\"w-tabs-section-header\" aria-controls=\"content-mac2\" aria-expanded=\"false\"><h5 class=\"w-tabs-section-title\">Albertos Abenteuer-Abo | 6\u20139<\/h5><div class=\"w-tabs-section-control\"><\/div><\/button><div  class=\"w-tabs-section-content\" id=\"content-mac2\"><div class=\"w-tabs-section-content-h i-cf\"><div class=\"wpb_text_column\"><div class=\"wpb_wrapper\"><p class=\"p1\"><strong>Orchestersaal Musiktheater<\/strong><br \/>\n<strong>3 Konzerte<\/strong><\/p>\n<\/div><\/div><div class=\"w-separator size_small\"><\/div><div class=\"wpb_text_column us_custom_921660bf stuecke\"><div class=\"wpb_wrapper\"><p><strong>REISE AUF DEM GEF\u00c4HRLICHEN FLUSS<\/strong><br \/>\n<strong>AUSSERIRDISCHE ZU BESUCH<\/strong><br \/>\n<strong>INSPEKTOR X UND DIE VERR\u00dcCKTE STRASSENBAHN<\/strong><\/p>\n<\/div><\/div><div class=\"w-separator size_small\"><\/div><div class=\"wpb_text_column us_custom_9ace654e stuecke\"><div class=\"wpb_wrapper\"><p>um 39,00<\/p>\n<\/div><\/div><\/div><\/div><\/div><div class=\"w-tabs-section\" id=\"nfae\"><button class=\"w-tabs-section-header\" aria-controls=\"content-nfae\" aria-expanded=\"false\"><h5 class=\"w-tabs-section-title\">B\u00fchnenstarter:in-Abo | 6\u20138<\/h5><div class=\"w-tabs-section-control\"><\/div><\/button><div  class=\"w-tabs-section-content\" id=\"content-nfae\"><div class=\"w-tabs-section-content-h i-cf\"><div class=\"wpb_text_column\"><div class=\"wpb_wrapper\"><p class=\"p1\"><strong>BlackBox Musiktheater, Kammerspiele und Studiob\u00fchne<\/strong><br \/>\n<strong>4 Vorstellungen | Junges Theater und Tanz<\/strong><\/p>\n<\/div><\/div><div class=\"w-separator size_small\"><\/div><div class=\"wpb_text_column us_custom_921660bf stuecke\"><div class=\"wpb_wrapper\"><p><strong>Pinocchio Junges Theater<\/strong><br \/>\n&gt; KS<\/p>\n<p><strong>Mein lieber Schwan Junges Theater<\/strong><br \/>\n&gt; KS<\/p>\n<p><strong>Die Prinzessin, die auszog, den Prinzen zu retten<\/strong><br \/>\nJunges theater &gt; SB<\/p>\n<p><strong>Tanzoptikum<\/strong><br \/>\nTanzakademie &gt; BB<\/p>\n<\/div><\/div><div class=\"w-separator size_small\"><\/div><div class=\"wpb_text_column us_custom_9ace654e stuecke\"><div class=\"wpb_wrapper\"><p>ab 37,00<\/p>\n<\/div><\/div><\/div><\/div><\/div><div class=\"w-tabs-section\" id=\"t498\"><button class=\"w-tabs-section-header\" aria-controls=\"content-t498\" aria-expanded=\"false\"><h5 class=\"w-tabs-section-title\">Familien Abo | 8+<\/h5><div class=\"w-tabs-section-control\"><\/div><\/button><div  class=\"w-tabs-section-content\" id=\"content-t498\"><div class=\"w-tabs-section-content-h i-cf\"><div class=\"wpb_text_column\"><div class=\"wpb_wrapper\"><p class=\"p1\"><strong>Grosser Saal Musiktheater, Orchestersaal Musiktheater und Kammerspiele<\/strong><br \/>\n<strong>5 Vorstellungen | Musical, Junges Theater und Konzert<\/strong><\/p>\n<\/div><\/div><div class=\"w-separator size_small\"><\/div><div class=\"wpb_text_column us_custom_921660bf stuecke\"><div class=\"wpb_wrapper\"><p>ROALD DAHL\u2019S Matilda \u2013 Das Musical<br \/>\nMusical &gt; GS<\/p>\n<p>Die drei Musketiere<br \/>\nJunges Theater &gt; KS<\/p>\n<p><strong>Mein lieber Schwan<\/strong><br \/>\nJunges Theater &gt; KS<\/p>\n<p><strong>Noch ein Teel\u00f6ffel Feenstaub \u2013<\/strong><br \/>\n<strong>More of Disney\u00b4s Magic Songs<\/strong><br \/>\nMusical in Concert &gt; GS<\/p>\n<p><strong>MOVE.ON Familienkonzert<\/strong><br \/>\nKonzert &gt; OS<\/p>\n<\/div><\/div><div class=\"w-separator size_small\"><\/div><div class=\"wpb_text_column us_custom_9ace654e stuecke\"><div class=\"wpb_wrapper\"><p>AB 41,00<\/p>\n<\/div><\/div><\/div><\/div><\/div><div class=\"w-tabs-section\" id=\"b9ad\"><button class=\"w-tabs-section-header\" aria-controls=\"content-b9ad\" aria-expanded=\"false\"><h5 class=\"w-tabs-section-title\">B\u00fchnenkenner:in-Abo | 14+<\/h5><div class=\"w-tabs-section-control\"><\/div><\/button><div  class=\"w-tabs-section-content\" id=\"content-b9ad\"><div class=\"w-tabs-section-content-h i-cf\"><div class=\"wpb_text_column\"><div class=\"wpb_wrapper\"><p class=\"p1\"><strong>Grosser Saal Musiktheater, Schauspielhaus und Kammerspiele<\/strong><br \/>\n<strong>4 Vorstellungen | Musical, Schauspiel und Junges Theater<\/strong><\/p>\n<\/div><\/div><div class=\"w-separator size_small\"><\/div><div class=\"wpb_text_column us_custom_921660bf stuecke\"><div class=\"wpb_wrapper\"><p><strong>Goldzombies<\/strong><br \/>\nJunges Theater &gt; KS<\/p>\n<p><strong>Roald Dahl\u2019s Matilda \u2013 Das Musical<\/strong><br \/>\nMusical &gt; GS<\/p>\n<p><strong>Romeo und Julia<\/strong><br \/>\nSchauspiel &gt; SH<\/p>\n<p><strong>Junger Klassiker \u2013 Cyrano Short Cuts<\/strong><br \/>\nJunges Theater &gt; KS<\/p>\n<\/div><\/div><div class=\"w-separator size_small\"><\/div><div class=\"wpb_text_column us_custom_9ace654e stuecke\"><div class=\"wpb_wrapper\"><p>AB 32,00<\/p>\n<\/div><\/div><\/div><\/div><\/div><\/div><\/div><div class=\"w-separator size_medium\"><\/div><div class=\"w-popup hide_on_default hide_on_laptops w-btn-wrapper align_left\"><button class=\"w-popup-trigger type_btn w-btn us-btn-style_2\" aria-label=\"[i] Legende\" type=\"button\"><span class=\"w-btn-label\">[i] Legende<\/span><\/button><div class=\"w-popup-overlay\" style=\"background:rgba(0,0,0,0.85);\"><\/div><div class=\"w-popup-wrap layout_fullscreen\" role=\"dialog\" aria-modal=\"true\" aria-label=\"Pop-up\" style=\"--title-color:var(--color-content-heading);--title-bg-color:var(--color-content-bg-alt);--content-color:var(--color-content-text);--content-bg-color:var(--color-content-bg);--popup-width:100%;--popup-padding:5%;\"><button aria-label=\"Schlie\u00dfen\" class=\"w-popup-closer\" type=\"button\"><\/button><div class=\"w-popup-box animation_fadeIn closerpos_outside without_title\"><div class=\"w-popup-box-h\"><div class=\"w-popup-box-content\"><section class=\"l-section wpb_row us_custom_6ed54be3 height_auto\"><div class=\"l-section-h i-cf\"><div class=\"g-cols vc_row via_flex valign_middle type_default stacking_default\"><div class=\"vc_col-sm-12 wpb_column vc_column_container\"><div class=\"vc_column-inner\"><div class=\"wpb_wrapper\"><div class=\"g-cols wpb_row via_flex valign_middle type_default stacking_default\"><div class=\"vc_col-sm-12 wpb_column vc_column_container\"><div class=\"vc_column-inner\"><div class=\"wpb_wrapper\"><div class=\"wpb_text_column\"><div class=\"wpb_wrapper\"><h4>Legende<\/h4>\n<\/div><\/div><div class=\"w-separator size_small\"><\/div><\/div><\/div><\/div><\/div><div class=\"wpb_text_column us_custom_1a37dc29\"><div class=\"wpb_wrapper\"><p><strong>BH<\/strong> &gt; Brucknerhaus<br \/>\n<strong>GS<\/strong> &gt; GROSSER SAAL MUSIKTHEATER<br \/>\n<strong>BB<\/strong> &gt; BLACKBOX MUSIKTHEATER<br \/>\n<strong>OS<\/strong> &gt; Orchestersaal MUSIKTHEATER<br \/>\n<strong>SH<\/strong> &gt; SCHAUSPIELHAUS<br \/>\n<strong>KS<\/strong> &gt; KAMMERSPIELE<br \/>\n<strong>SB<\/strong> &gt; Studiob\u00fchne<\/p>\n<\/div><\/div><\/div><\/div><\/div><\/div><\/div><\/section>\n<\/div><\/div><\/div><\/div><\/div><\/div><\/div><\/div><div class=\"vc_col-sm-3 wpb_column vc_column_container hide_on_tablets hide_on_mobiles\"><div class=\"vc_column-inner us_custom_a8c917e3 type_sticky\"><div class=\"wpb_wrapper\"><section class=\"l-section wpb_row us_custom_6ed54be3 height_auto\"><div class=\"l-section-h i-cf\"><div class=\"g-cols vc_row via_flex valign_middle type_default stacking_default\"><div class=\"vc_col-sm-12 wpb_column vc_column_container\"><div class=\"vc_column-inner\"><div class=\"wpb_wrapper\"><div class=\"g-cols wpb_row via_flex valign_middle type_default stacking_default\"><div class=\"vc_col-sm-12 wpb_column vc_column_container\"><div class=\"vc_column-inner\"><div class=\"wpb_wrapper\"><div class=\"wpb_text_column\"><div class=\"wpb_wrapper\"><h4>Legende<\/h4>\n<\/div><\/div><div class=\"w-separator size_small\"><\/div><\/div><\/div><\/div><\/div><div class=\"wpb_text_column us_custom_1a37dc29\"><div class=\"wpb_wrapper\"><p><strong>BH<\/strong> &gt; Brucknerhaus<br \/>\n<strong>GS<\/strong> &gt; GROSSER SAAL MUSIKTHEATER<br \/>\n<strong>BB<\/strong> &gt; BLACKBOX MUSIKTHEATER<br \/>\n<strong>OS<\/strong> &gt; Orchestersaal MUSIKTHEATER<br \/>\n<strong>SH<\/strong> &gt; SCHAUSPIELHAUS<br \/>\n<strong>KS<\/strong> &gt; KAMMERSPIELE<br \/>\n<strong>SB<\/strong> &gt; Studiob\u00fchne<\/p>\n<\/div><\/div><\/div><\/div><\/div><\/div><\/div><\/section>\n<\/div><\/div><\/div><\/div><\/div><\/section><section class=\"l-section wpb_row us_custom_4e01b027 height_auto\" id=\"wahlabos\"><div class=\"l-section-h i-cf\"><div class=\"g-cols vc_row via_flex valign_bottom type_default stacking_default\"><div class=\"vc_col-sm-12 wpb_column vc_column_container\"><div class=\"vc_column-inner\"><div class=\"wpb_wrapper\"><div class=\"g-cols wpb_row us_custom_1ab7fc01 via_flex valign_middle type_default stacking_default\"><div class=\"vc_col-sm-12 wpb_column vc_column_container\"><div class=\"vc_column-inner\"><div class=\"wpb_wrapper\"><div class=\"wpb_text_column us_custom_29745117 abo-title has_text_color hide_on_tablets hide_on_mobiles\"><div class=\"wpb_wrapper\"><h3>Wahlabos<\/h3>\n<\/div><\/div><\/div><\/div><\/div><\/div><\/div><\/div><\/div><\/div><\/div><\/section><section class=\"l-section wpb_row height_auto\"><div class=\"l-section-h i-cf\"><div class=\"g-cols vc_row via_flex valign_top type_default stacking_default\"><div class=\"vc_col-sm-12 vc_col-lg-9 vc_col-md-9 wpb_column vc_column_container\"><div class=\"vc_column-inner\"><div class=\"wpb_wrapper\"><div class=\"g-cols wpb_row us_custom_7ce54d84 via_flex valign_top type_default stacking_default\"><div class=\"vc_col-sm-12 wpb_column vc_column_container\"><div class=\"vc_column-inner\"><div class=\"wpb_wrapper\"><div class=\"wpb_text_column\"><div class=\"wpb_wrapper\"><h4>Wahlabos<\/h4>\n<\/div><\/div><div class=\"w-separator size_small\"><\/div><\/div><\/div><\/div><\/div><div class=\"g-cols wpb_row via_flex valign_top type_default stacking_default\"><div class=\"vc_col-sm-12 vc_col-lg-4 vc_col-md-4 wpb_column vc_column_container\"><div class=\"vc_column-inner\"><div class=\"wpb_wrapper\"><div class=\"wpb_text_column\"><div class=\"wpb_wrapper\"><h2>Play as you wish<\/h2>\n<\/div><\/div><\/div><\/div><\/div><div class=\"vc_col-sm-12 vc_col-lg-8 vc_col-md-8 wpb_column vc_column_container\"><div class=\"vc_column-inner\"><div class=\"wpb_wrapper\"><div class=\"wpb_text_column\"><div class=\"wpb_wrapper\"><p>Hier sind Sie mit Ihren Neigungen und Ihrem Kalender gefragt: als Autor:in und Dramaturg:in Ihres individuellen Abonnements. Bedienen Sie sich frei an den mehr als 40 Produktionen, die auf dem Programmbuffet angerichtet sind. Gehen Sie zehnmal solo oder f\u00fcnfmal zu zweit. Schauen Sie jedes Mal etwas Anderes oder mehrmals dasselbe Lieblingsst\u00fcck. Nach langfristigem Plan. Oder spontan. Ihre Wahl: Wir spielen, wie Sie w\u00fcnschen.<\/p>\n<\/div><\/div><\/div><\/div><\/div><\/div><div class=\"w-separator size_small\"><\/div><div class=\"w-tabs style_default switch_click accordion has_scrolling remove_indents\" style=\"--sections-title-size:inherit\"><div class=\"w-tabs-sections titles-align_none icon_chevron cpos_right\"><div class=\"w-tabs-section\" id=\"q2af\"><button class=\"w-tabs-section-header\" aria-controls=\"content-q2af\" aria-expanded=\"false\"><h5 class=\"w-tabs-section-title\">Wahlabo<\/h5><div class=\"w-tabs-section-control\"><\/div><\/button><div  class=\"w-tabs-section-content\" id=\"content-q2af\"><div class=\"w-tabs-section-content-h i-cf\"><div class=\"w-separator size_small\"><\/div><div class=\"wpb_text_column us_custom_921660bf stuecke\"><div class=\"wpb_wrapper\"><p>10 Vorstellungen<br \/>\n<strong>ab 147,00<\/strong><\/p>\n<\/div><\/div><div class=\"w-btn-wrapper align_none\"><a class=\"w-btn us-btn-style_1\" target=\"_blank\" href=\"https:\/\/tickets.landestheater-linz.at\/webshop\/webticket\/shop?serie=232&amp;season=25\"><span class=\"w-btn-label\">Bestellen<\/span><\/a><\/div><\/div><\/div><\/div><div class=\"w-tabs-section\" id=\"h561\"><button class=\"w-tabs-section-header\" aria-controls=\"content-h561\" aria-expanded=\"false\"><h5 class=\"w-tabs-section-title\">Single-Wahlabo<\/h5><div class=\"w-tabs-section-control\"><\/div><\/button><div  class=\"w-tabs-section-content\" id=\"content-h561\"><div class=\"w-tabs-section-content-h i-cf\"><div class=\"w-separator size_small\"><\/div><div class=\"wpb_text_column us_custom_921660bf stuecke\"><div class=\"wpb_wrapper\"><p>6 Vorstellungen<br \/>\n<strong>ab 94,00<\/strong><\/p>\n<\/div><\/div><div class=\"w-btn-wrapper align_none\"><a class=\"w-btn us-btn-style_1\" target=\"_blank\" href=\"https:\/\/tickets.landestheater-linz.at\/webshop\/webticket\/shop?serie=231&amp;season=25\"><span class=\"w-btn-label\">Bestellen<\/span><\/a><\/div><\/div><\/div><\/div><\/div><\/div><div class=\"w-separator size_medium\"><\/div><\/div><\/div><\/div><div class=\"vc_col-sm-3 wpb_column vc_column_container hide_on_tablets hide_on_mobiles\"><div class=\"vc_column-inner us_custom_a8c917e3 type_sticky\"><div class=\"wpb_wrapper\"><\/div><\/div><\/div><\/div><\/div><\/section><section class=\"l-section wpb_row us_custom_fa2b1186 height_auto\" id=\"cards\"><div class=\"l-section-h i-cf\"><div class=\"g-cols vc_row via_flex valign_bottom type_default stacking_default\"><div class=\"vc_col-sm-12 wpb_column vc_column_container\"><div class=\"vc_column-inner\"><div class=\"wpb_wrapper\"><div class=\"g-cols wpb_row us_custom_1ab7fc01 via_flex valign_middle type_default stacking_default\"><div class=\"vc_col-sm-12 wpb_column vc_column_container\"><div class=\"vc_column-inner\"><div class=\"wpb_wrapper\"><div class=\"wpb_text_column us_custom_995a01f0 abo-title has_text_color hide_on_tablets hide_on_mobiles\"><div class=\"wpb_wrapper\"><h3>Cards<\/h3>\n<\/div><\/div><\/div><\/div><\/div><\/div><\/div><\/div><\/div><\/div><\/div><\/section><section class=\"l-section wpb_row height_auto\"><div class=\"l-section-h i-cf\"><div class=\"g-cols vc_row via_flex valign_top type_default stacking_default\"><div class=\"vc_col-sm-12 vc_col-lg-9 vc_col-md-9 wpb_column vc_column_container\"><div class=\"vc_column-inner\"><div class=\"wpb_wrapper\"><div class=\"g-cols wpb_row us_custom_7ce54d84 via_flex valign_top type_default stacking_default\"><div class=\"vc_col-sm-12 wpb_column vc_column_container\"><div class=\"vc_column-inner\"><div class=\"wpb_wrapper\"><div class=\"wpb_text_column\"><div class=\"wpb_wrapper\"><h4>Cards<\/h4>\n<\/div><\/div><div class=\"w-separator size_small\"><\/div><\/div><\/div><\/div><\/div><div class=\"w-tabs style_default switch_click accordion has_scrolling remove_indents\" style=\"--sections-title-size:inherit\"><div class=\"w-tabs-sections titles-align_none icon_chevron cpos_right\"><div class=\"w-tabs-section\" id=\"sd10\"><button class=\"w-tabs-section-header\" aria-controls=\"content-sd10\" aria-expanded=\"false\"><h5 class=\"w-tabs-section-title\">Topcard | Topcard+<\/h5><div class=\"w-tabs-section-control\"><\/div><\/button><div  class=\"w-tabs-section-content\" id=\"content-sd10\"><div class=\"w-tabs-section-content-h i-cf\"><div class=\"wpb_text_column\"><div class=\"wpb_wrapper\"><p class=\"p1\">Mit der<strong> TopCard<\/strong> und der <strong>TopCard+<\/strong> f\u00fcr die Spielzeit 2026\/2027 besucht man, so oft man m\u00f6chte, die Eigenproduktionen des Landestheaters Linz zum halben Preis.<\/p>\n<\/div><\/div><div class=\"w-separator size_small\"><\/div><div class=\"wpb_text_column us_custom_921660bf stuecke\"><div class=\"wpb_wrapper\"><p><strong>Topcard 130,00<\/strong><br \/>\ng\u00fcltig f\u00fcr eine Karte<\/p>\n<p><strong>Topcard+ 250,00<\/strong><br \/>\ng\u00fcltig f\u00fcr zwei Karten<\/p>\n<\/div><\/div><div class=\"w-btn-wrapper align_none\"><a class=\"w-btn us-btn-style_1\" href=\"mailto:abos@landestheater-linz.at?subject=Bestellung-Topcard\"><span class=\"w-btn-label\">Bestellen<\/span><\/a><\/div><\/div><\/div><\/div><div class=\"w-tabs-section\" id=\"x075\"><button class=\"w-tabs-section-header\" aria-controls=\"content-x075\" aria-expanded=\"false\"><h5 class=\"w-tabs-section-title\">Kultcard<\/h5><div class=\"w-tabs-section-control\"><\/div><\/button><div  class=\"w-tabs-section-content\" id=\"content-x075\"><div class=\"w-tabs-section-content-h i-cf\"><div class=\"wpb_text_column\"><div class=\"wpb_wrapper\"><p>Mit der <strong>KultCard<\/strong> um nur \u20ac 55,00 gehen junge Menschen bis 27 Jahre 5 x nach freier Wahl in den Gro\u00dfen Saal (Platzgruppe 2), die BlackBox, die BlackBox Lounge, den Orchestersaal und die FoyerB\u00fchne im Musiktheater sowie ins Schauspielhaus, in die Kammerspiele (Platzgruppe 1) und in die Studiob\u00fchne. Dar\u00fcber hinaus ist jede weitere Vorstellung f\u00fcr \u20ac 11,00 buchbar.<\/p>\n<\/div><\/div><div class=\"w-separator size_small\"><\/div><div class=\"wpb_text_column us_custom_921660bf stuecke\"><div class=\"wpb_wrapper\"><p><strong>Kultcard 55,00<\/strong><\/p>\n<\/div><\/div><div class=\"w-btn-wrapper align_none\"><a class=\"w-btn us-btn-style_1\" href=\"mailto:abos@landestheater-linz.at?subject=KultCard\"><span class=\"w-btn-label\">Bestellen<\/span><\/a><\/div><\/div><\/div><\/div><\/div><\/div><\/div><\/div><\/div><div class=\"vc_col-sm-3 wpb_column vc_column_container hide_on_tablets hide_on_mobiles\"><div class=\"vc_column-inner us_custom_a8c917e3 type_sticky\"><div class=\"wpb_wrapper\"><\/div><\/div><\/div><\/div><\/div><\/section><section class=\"l-section wpb_row height_medium\"><div class=\"l-section-h i-cf\"><div class=\"g-cols vc_row via_flex valign_top type_default stacking_default\"><div class=\"vc_col-sm-12 wpb_column vc_column_container\"><div class=\"vc_column-inner\"><div class=\"wpb_wrapper\"><div class=\"w-separator size_small\"><\/div><div class=\"wpb_text_column\"><div class=\"wpb_wrapper\"><h2>Kontakt<\/h2>\n<\/div><\/div><div class=\"w-separator size_medium\"><\/div><div class=\"g-cols wpb_row via_flex valign_top type_default stacking_default\"><div class=\"vc_col-sm-12 vc_col-lg-6 vc_col-md-6 wpb_column vc_column_container\"><div class=\"vc_column-inner\"><div class=\"wpb_wrapper\"><div class=\"wpb_text_column\"><div class=\"wpb_wrapper\"><h4>Abo-Service<\/h4>\n<p>Telefon <a href=\"tel:+437327611404\">+43 732 7611-404<\/a><br \/>\nMontag \u2013 Freitag 9.00 \u2013 16.30 Uhr<br \/>\n<a href=\"mailto:abos@landestheater-linz.at\">abos@landestheater-linz.at<\/a><\/p>\n<\/div><\/div><\/div><\/div><\/div><div class=\"vc_col-sm-12 vc_col-lg-6 vc_col-md-6 wpb_column vc_column_container\"><div class=\"vc_column-inner\"><div class=\"wpb_wrapper\"><div class=\"wpb_text_column\"><div class=\"wpb_wrapper\"><h4>Kartenservice<\/h4>\n<p>Telefon <a href=\"tel:+437327611400\">+43 732 7611-400<\/a><br \/>\nMontag \u2013 Freitag 9.00 \u2013 18.00 Uhr, Samstag 9.00 \u2013 12.30 Uhr<br \/>\n<a href=\"mailto:kassa@landestheater-linz.at\">kassa@landestheater-linz.at<\/a><\/p>\n<\/div><\/div><\/div><\/div><\/div><\/div><\/div><\/div><\/div><\/div><\/div><\/section>\n","protected":false},"excerpt":{"rendered":"Abos 2026\/2027 B\u00fchne frei. Abowahl auch. Freiheit besteht darin, w\u00e4hlen zu k\u00f6nnen. Nicht nur in der Wahlkabine, sondern auch im Theater. Bei uns haben Sie alle Freiheiten. Machen Sie eines unserer Abos zu Ihrem Abo, und wir halten Ihnen Ihren Platz frei. Falls Ihnen die Wahl schwer f\u00e4llt: Nehmen Sie doch einfach ein zweites oder...","protected":false},"author":2,"featured_media":0,"parent":0,"menu_order":0,"comment_status":"closed","ping_status":"closed","template":"","meta":{"footnotes":""},"class_list":["post-318","page","type-page","status-publish","hentry"],"yoast_head":"<!-- This site is optimized with the Yoast SEO plugin v27.5 - https:\/\/yoast.com\/product\/yoast-seo-wordpress\/ -->\r\n<title>Landestheater Linz - Abos 2026\/2027<\/title>\r\n<meta name=\"description\" content=\"Bei uns haben Sie alle Freiheiten. Machen Sie eines unserer Abos zu Ihrem Abo, und wir halten Ihnen Ihren Platz frei. Falls Ihnen die Wahl schwer f\u00e4llt.\" \/>\r\n<meta name=\"robots\" content=\"index, follow, max-snippet:-1, max-image-preview:large, max-video-preview:-1\" \/>\r\n<link rel=\"canonical\" href=\"https:\/\/abos.landestheater-linz.at\/\" \/>\r\n<meta property=\"og:locale\" content=\"de_DE\" \/>\r\n<meta property=\"og:type\" content=\"article\" \/>\r\n<meta property=\"og:title\" content=\"Landestheater Linz - Abos 2026\/2027\" \/>\r\n<meta property=\"og:description\" content=\"Bei uns haben Sie alle Freiheiten. Machen Sie eines unserer Abos zu Ihrem Abo, und wir halten Ihnen Ihren Platz frei. Falls Ihnen die Wahl schwer f\u00e4llt.\" \/>\r\n<meta property=\"og:url\" content=\"https:\/\/abos.landestheater-linz.at\/\" \/>\r\n<meta property=\"og:site_name\" content=\"Landestheater Linz - Abos\" \/>\r\n<meta property=\"article:publisher\" content=\"https:\/\/www.facebook.com\/LandestheaterLinz\" \/>\r\n<meta property=\"article:modified_time\" content=\"2026-04-30T12:45:26+00:00\" \/>\r\n<meta name=\"twitter:card\" content=\"summary_large_image\" \/>\r\n<meta name=\"twitter:label1\" content=\"Gesch\u00e4tzte Lesezeit\" \/>\n\t<meta name=\"twitter:data1\" content=\"21 Minuten\" \/>\r\n<script type=\"application\/ld+json\" class=\"yoast-schema-graph\">{\"@context\":\"https:\\\/\\\/schema.org\",\"@graph\":[{\"@type\":\"WebPage\",\"@id\":\"https:\\\/\\\/abos.landestheater-linz.at\\\/\",\"url\":\"https:\\\/\\\/abos.landestheater-linz.at\\\/\",\"name\":\"Landestheater Linz - Abos 2026\\\/2027\",\"isPartOf\":{\"@id\":\"https:\\\/\\\/abos.landestheater-linz.at\\\/#website\"},\"datePublished\":\"2026-04-30T11:05:36+00:00\",\"dateModified\":\"2026-04-30T12:45:26+00:00\",\"description\":\"Bei uns haben Sie alle Freiheiten. Machen Sie eines unserer Abos zu Ihrem Abo, und wir halten Ihnen Ihren Platz frei. Falls Ihnen die Wahl schwer f\u00e4llt.\",\"breadcrumb\":{\"@id\":\"https:\\\/\\\/abos.landestheater-linz.at\\\/#breadcrumb\"},\"inLanguage\":\"de-AT\",\"potentialAction\":[{\"@type\":\"ReadAction\",\"target\":[\"https:\\\/\\\/abos.landestheater-linz.at\\\/\"]}]},{\"@type\":\"BreadcrumbList\",\"@id\":\"https:\\\/\\\/abos.landestheater-linz.at\\\/#breadcrumb\",\"itemListElement\":[{\"@type\":\"ListItem\",\"position\":1,\"name\":\"Startseite\",\"item\":\"https:\\\/\\\/abos.landestheater-linz.at\\\/\"},{\"@type\":\"ListItem\",\"position\":2,\"name\":\"Abos &#8211; 2026\\\/2027\"}]},{\"@type\":\"WebSite\",\"@id\":\"https:\\\/\\\/abos.landestheater-linz.at\\\/#website\",\"url\":\"https:\\\/\\\/abos.landestheater-linz.at\\\/\",\"name\":\"Landestheater Linz - Abos 2026\\\/2027\",\"description\":\"Zeichen und Wunder\",\"publisher\":{\"@id\":\"https:\\\/\\\/abos.landestheater-linz.at\\\/#organization\"},\"potentialAction\":[{\"@type\":\"SearchAction\",\"target\":{\"@type\":\"EntryPoint\",\"urlTemplate\":\"https:\\\/\\\/abos.landestheater-linz.at\\\/?s={search_term_string}\"},\"query-input\":{\"@type\":\"PropertyValueSpecification\",\"valueRequired\":true,\"valueName\":\"search_term_string\"}}],\"inLanguage\":\"de-AT\"},{\"@type\":\"Organization\",\"@id\":\"https:\\\/\\\/abos.landestheater-linz.at\\\/#organization\",\"name\":\"Landestheater Linz\",\"url\":\"https:\\\/\\\/abos.landestheater-linz.at\\\/\",\"logo\":{\"@type\":\"ImageObject\",\"inLanguage\":\"de-AT\",\"@id\":\"https:\\\/\\\/abos.landestheater-linz.at\\\/#\\\/schema\\\/logo\\\/image\\\/\",\"url\":\"https:\\\/\\\/abos.landestheater-linz.at\\\/wp-content\\\/uploads\\\/2024\\\/06\\\/LTL_favicon.png\",\"contentUrl\":\"https:\\\/\\\/abos.landestheater-linz.at\\\/wp-content\\\/uploads\\\/2024\\\/06\\\/LTL_favicon.png\",\"width\":512,\"height\":512,\"caption\":\"Landestheater Linz\"},\"image\":{\"@id\":\"https:\\\/\\\/abos.landestheater-linz.at\\\/#\\\/schema\\\/logo\\\/image\\\/\"},\"sameAs\":[\"https:\\\/\\\/www.facebook.com\\\/LandestheaterLinz\",\"https:\\\/\\\/www.instagram.com\\\/landestheaterlinz\\\/\",\"http:\\\/\\\/www.youtube.com\\\/LandestheaterLinz\",\"https:\\\/\\\/www.tiktok.com\\\/@landestheaterlinz\"]}]}<\/script>\r\n<!-- \/ Yoast SEO plugin. -->","yoast_head_json":{"title":"Landestheater Linz - Abos 2026\/2027","description":"Bei uns haben Sie alle Freiheiten. Machen Sie eines unserer Abos zu Ihrem Abo, und wir halten Ihnen Ihren Platz frei. Falls Ihnen die Wahl schwer f\u00e4llt.","robots":{"index":"index","follow":"follow","max-snippet":"max-snippet:-1","max-image-preview":"max-image-preview:large","max-video-preview":"max-video-preview:-1"},"canonical":"https:\/\/abos.landestheater-linz.at\/","og_locale":"de_DE","og_type":"article","og_title":"Landestheater Linz - Abos 2026\/2027","og_description":"Bei uns haben Sie alle Freiheiten. Machen Sie eines unserer Abos zu Ihrem Abo, und wir halten Ihnen Ihren Platz frei. Falls Ihnen die Wahl schwer f\u00e4llt.","og_url":"https:\/\/abos.landestheater-linz.at\/","og_site_name":"Landestheater Linz - Abos","article_publisher":"https:\/\/www.facebook.com\/LandestheaterLinz","article_modified_time":"2026-04-30T12:45:26+00:00","twitter_card":"summary_large_image","twitter_misc":{"Gesch\u00e4tzte Lesezeit":"21 Minuten"},"schema":{"@context":"https:\/\/schema.org","@graph":[{"@type":"WebPage","@id":"https:\/\/abos.landestheater-linz.at\/","url":"https:\/\/abos.landestheater-linz.at\/","name":"Landestheater Linz - Abos 2026\/2027","isPartOf":{"@id":"https:\/\/abos.landestheater-linz.at\/#website"},"datePublished":"2026-04-30T11:05:36+00:00","dateModified":"2026-04-30T12:45:26+00:00","description":"Bei uns haben Sie alle Freiheiten. Machen Sie eines unserer Abos zu Ihrem Abo, und wir halten Ihnen Ihren Platz frei. Falls Ihnen die Wahl schwer f\u00e4llt.","breadcrumb":{"@id":"https:\/\/abos.landestheater-linz.at\/#breadcrumb"},"inLanguage":"de-AT","potentialAction":[{"@type":"ReadAction","target":["https:\/\/abos.landestheater-linz.at\/"]}]},{"@type":"BreadcrumbList","@id":"https:\/\/abos.landestheater-linz.at\/#breadcrumb","itemListElement":[{"@type":"ListItem","position":1,"name":"Startseite","item":"https:\/\/abos.landestheater-linz.at\/"},{"@type":"ListItem","position":2,"name":"Abos &#8211; 2026\/2027"}]},{"@type":"WebSite","@id":"https:\/\/abos.landestheater-linz.at\/#website","url":"https:\/\/abos.landestheater-linz.at\/","name":"Landestheater Linz - Abos 2026\/2027","description":"Zeichen und Wunder","publisher":{"@id":"https:\/\/abos.landestheater-linz.at\/#organization"},"potentialAction":[{"@type":"SearchAction","target":{"@type":"EntryPoint","urlTemplate":"https:\/\/abos.landestheater-linz.at\/?s={search_term_string}"},"query-input":{"@type":"PropertyValueSpecification","valueRequired":true,"valueName":"search_term_string"}}],"inLanguage":"de-AT"},{"@type":"Organization","@id":"https:\/\/abos.landestheater-linz.at\/#organization","name":"Landestheater Linz","url":"https:\/\/abos.landestheater-linz.at\/","logo":{"@type":"ImageObject","inLanguage":"de-AT","@id":"https:\/\/abos.landestheater-linz.at\/#\/schema\/logo\/image\/","url":"https:\/\/abos.landestheater-linz.at\/wp-content\/uploads\/2024\/06\/LTL_favicon.png","contentUrl":"https:\/\/abos.landestheater-linz.at\/wp-content\/uploads\/2024\/06\/LTL_favicon.png","width":512,"height":512,"caption":"Landestheater Linz"},"image":{"@id":"https:\/\/abos.landestheater-linz.at\/#\/schema\/logo\/image\/"},"sameAs":["https:\/\/www.facebook.com\/LandestheaterLinz","https:\/\/www.instagram.com\/landestheaterlinz\/","http:\/\/www.youtube.com\/LandestheaterLinz","https:\/\/www.tiktok.com\/@landestheaterlinz"]}]}},"_links":{"self":[{"href":"https:\/\/abos.landestheater-linz.at\/index.php\/wp-json\/wp\/v2\/pages\/318","targetHints":{"allow":["GET"]}}],"collection":[{"href":"https:\/\/abos.landestheater-linz.at\/index.php\/wp-json\/wp\/v2\/pages"}],"about":[{"href":"https:\/\/abos.landestheater-linz.at\/index.php\/wp-json\/wp\/v2\/types\/page"}],"author":[{"embeddable":true,"href":"https:\/\/abos.landestheater-linz.at\/index.php\/wp-json\/wp\/v2\/users\/2"}],"replies":[{"embeddable":true,"href":"https:\/\/abos.landestheater-linz.at\/index.php\/wp-json\/wp\/v2\/comments?post=318"}],"version-history":[{"count":69,"href":"https:\/\/abos.landestheater-linz.at\/index.php\/wp-json\/wp\/v2\/pages\/318\/revisions"}],"predecessor-version":[{"id":410,"href":"https:\/\/abos.landestheater-linz.at\/index.php\/wp-json\/wp\/v2\/pages\/318\/revisions\/410"}],"wp:attachment":[{"href":"https:\/\/abos.landestheater-linz.at\/index.php\/wp-json\/wp\/v2\/media?parent=318"}],"curies":[{"name":"wp","href":"https:\/\/api.w.org\/{rel}","templated":true}]}}